{"id":47704,"date":"2021-04-28T17:10:05","date_gmt":"2021-04-28T17:10:05","guid":{"rendered":"https:\/\/mab.org.br\/mujeres\/"},"modified":"2024-01-29T17:25:24","modified_gmt":"2024-01-29T17:25:24","slug":"mujeres","status":"publish","type":"page","link":"https:\/\/mab.org.br\/es\/mujeres\/","title":{"rendered":"Mujeres"},"content":{"rendered":"\n<div style=\"height:20px\" aria-hidden=\"true\" class=\"wp-block-spacer\"><\/div>\n\n<h1 class=\"destaque-titulo wp-block-heading\">MUJERES GOLPEADAS POR PRESAS<\/h1>\n\n<div class=\"wp-block-group\"><div class=\"wp-block-group__inner-container is-layout-flow wp-block-group-is-layout-flow\">\n<div class=\"wp-block-columns is-layout-flex wp-container-core-columns-is-layout-9d6595d7 wp-block-columns-is-layout-flex\">\n<div class=\"wp-block-column is-vertically-aligned-center is-layout-flow wp-block-column-is-layout-flow\" style=\"flex-basis:50%\">\n<figure class=\"wp-block-video alignwide\"><video autoplay=\"\" controls=\"\" loop=\"\" muted=\"\" poster=\"https:\/\/mab.org.br\/wp-content\/uploads\/2021\/10\/mab_005_01_X1_0002-scaled.jpg\" src=\"https:\/\/mab.org.br\/wp-content\/uploads\/2021\/10\/WhatsApp-Video-2021-10-27-at-09.12.16-3.mp4\"><\/video><\/figure>\n\n\n<p><\/p>\n<\/div>\n\n\n\n<div class=\"wp-block-column is-layout-flow wp-block-column-is-layout-flow\" style=\"flex-basis:33.6%\">\n<figure class=\"wp-block-image size-large is-resized\"><img loading=\"lazy\" decoding=\"async\" src=\"https:\/\/mab.org.br\/wp-content\/uploads\/2021\/10\/aguja-hilo.jpg\" alt=\"\" class=\"wp-image-25336\" width=\"300\" height=\"185\" srcset=\"https:\/\/mab.org.br\/wp-content\/uploads\/2021\/10\/aguja-hilo.jpg 600w, https:\/\/mab.org.br\/wp-content\/uploads\/2021\/10\/aguja-hilo-300x185.jpg 300w, https:\/\/mab.org.br\/wp-content\/uploads\/2021\/10\/aguja-hilo-205x126.jpg 205w\" sizes=\"auto, (max-width: 300px) 100vw, 300px\" \/><\/figure>\n\n\n<h2 class=\"has-text-align-center wp-block-heading\">Exposici\u00f3n Arpilleras: Alcanzados en defensa de la vida<\/h2>\n\n\n\n<p>Esta exposici\u00f3n de arpilleras trae una selecci\u00f3n de piezas textiles sobre la lucha de las mujeres afectadas en defensa de la vida, una peque\u00f1a muestra de nuestra Colecci\u00f3n Digital Arpilleras. <\/p>\n\n\n\n<p>Compuesta por casi 300 arpilleras, la Colecci\u00f3n Digital es resultado del largo trabajo y producci\u00f3n colectiva de mujeres afectadas por represas. <\/p>\n\n\n\n<p>En forma de arte y bordado, son historias de vida, denunciando violaciones de derechos y construyendo luchas.<\/p>\n\n\n\n<div class=\"wp-block-buttons is-content-justification-center is-layout-flex wp-container-core-buttons-is-layout-16018d1d wp-block-buttons-is-layout-flex\">\n<div class=\"wp-block-button is-style-fill\"><a class=\"wp-block-button__link has-background has-custom-font-size wp-element-button\" href=\"https:\/\/mab.org.br\/repositorio\" style=\"border-radius:100px;background-color:#59006b;font-size:16px\" target=\"_blank\" rel=\"noreferrer noopener\">CONHE\u00c7A O ACERVO VIRTUAL DAS ARPILLERAS<\/a><\/div>\n<\/div>\n\n\n\n<p><\/p>\n<\/div>\n<\/div>\n<\/div><\/div>\n\n<div style=\"height:50px\" aria-hidden=\"true\" class=\"wp-block-spacer div-space\"><\/div>\n\n<hr class=\"wp-block-separator has-text-color has-background is-style-wide\" style=\"background-color:#59006b;color:#59006b\"\/>\n\n<div style=\"height:50px\" aria-hidden=\"true\" class=\"wp-block-spacer div-space\"><\/div>\n\n<div class=\"wp-block-columns is-layout-flex wp-container-core-columns-is-layout-9d6595d7 wp-block-columns-is-layout-flex\">\n<div class=\"wp-block-column is-layout-flow wp-block-column-is-layout-flow\" style=\"flex-basis:40%\"><\/div>\n\n\n\n<div class=\"wp-block-column is-layout-flow wp-block-column-is-layout-flow\" style=\"flex-basis:60%\">\n<h3 class=\"has-text-color has-text-align-left wp-block-heading\" style=\"color:#59006b\">BORDANDO NUESTROS DERECHOS<\/h3>\n<\/div>\n<\/div>\n\n<div class=\"wp-block-columns is-layout-flex wp-container-core-columns-is-layout-9d6595d7 wp-block-columns-is-layout-flex\">\n<div class=\"wp-block-column is-layout-flow wp-block-column-is-layout-flow\" style=\"flex-basis:40%\">\n<figure class=\"wp-block-video\"><video autoplay=\"\" controls=\"\" loop=\"\" poster=\"https:\/\/mab.org.br\/wp-content\/uploads\/2021\/10\/direitos-scaled.jpg\" src=\"https:\/\/mab.org.br\/wp-content\/uploads\/2021\/10\/mab_002_01-2.mp4\"><\/video><\/figure>\n\n\n<p><\/p>\n<\/div>\n\n\n\n<div class=\"wp-block-column is-layout-flow wp-block-column-is-layout-flow\" style=\"flex-basis:60%\">\n<p>Las poblaciones afectadas por represas sufren graves violaciones de derechos humanos. Nosotras, las mujeres, nos vemos afectadas de manera particularmente grave y enfrentamos mayores dificultades para reconstruir nuestros medios y estilos de vida. Nuestras necesidades no son consideradas. A trav\u00e9s de nuestras arpilleras registramos e informamos c\u00f3mo hemos vivido y enfrentado este patr\u00f3n de violaciones.<\/p>\n\n\n\n<div data-module=\"items-list\" class=\"wp-block-tainacan-items-list\"><ul style=\"grid-template-columns:repeat(auto-fill, 220px)\" class=\"items-list items-layout-grid\"><li class=\"item-list-item\" style=\"margin-bottom:12px\"><button type=\"button\" class=\"components-button has-icon\" aria-label=\"Remover\"><svg aria-hidden=\"true\" role=\"img\" focusable=\"false\" xmlns=\"http:\/\/www.w3.org\/2000\/svg\" width=\"20\" height=\"20\" viewbox=\"0 0 20 20\" class=\"dashicon dashicons-no-alt\"><path d=\"M14.95 6.46L11.41 10l3.54 3.54-1.41 1.41L10 11.42l-3.53 3.53-1.42-1.42L8.58 10 5.05 6.47l1.42-1.42L10 8.58l3.54-3.53z\"><\/path><\/svg><\/button><a id=\"item-id-24829\" href=\"https:\/\/mab.org.br\/arpilleras-do-mab\/nao-a-garabi-e-panambi\/\" target=\"_blank\" class=\" \" rel=\"noopener noreferrer\"><img decoding=\"async\" src=\"https:\/\/mab.org.br\/wp-content\/uploads\/tainacan-items\/23258\/24829\/12-275x275.png\" alt=\"No a Garabi y Panambi\"><span>No a Garabi y Panambi<\/span><\/a><\/li><li class=\"item-list-item\" style=\"margin-bottom:12px\"><button type=\"button\" class=\"components-button has-icon\" aria-label=\"Remover\"><svg aria-hidden=\"true\" role=\"img\" focusable=\"false\" xmlns=\"http:\/\/www.w3.org\/2000\/svg\" width=\"20\" height=\"20\" viewbox=\"0 0 20 20\" class=\"dashicon dashicons-no-alt\"><path d=\"M14.95 6.46L11.41 10l3.54 3.54-1.41 1.41L10 11.42l-3.53 3.53-1.42-1.42L8.58 10 5.05 6.47l1.42-1.42L10 8.58l3.54-3.53z\"><\/path><\/svg><\/button><a id=\"item-id-23325\" href=\"https:\/\/mab.org.br\/arpilleras-do-mab\/privatizacao-que-mata\/\" target=\"_blank\" class=\" \" rel=\"noopener noreferrer\"><img decoding=\"async\" src=\"https:\/\/mab.org.br\/wp-content\/uploads\/tainacan-items\/23258\/23325\/9-275x275.png\" alt=\"Privatizaci\u00f3n que mata\"><span>Privatizaci\u00f3n que mata<\/span><\/a><\/li><li class=\"item-list-item\" style=\"margin-bottom:12px\"><button type=\"button\" class=\"components-button has-icon\" aria-label=\"Remover\"><svg aria-hidden=\"true\" role=\"img\" focusable=\"false\" xmlns=\"http:\/\/www.w3.org\/2000\/svg\" width=\"20\" height=\"20\" viewbox=\"0 0 20 20\" class=\"dashicon dashicons-no-alt\"><path d=\"M14.95 6.46L11.41 10l3.54 3.54-1.41 1.41L10 11.42l-3.53 3.53-1.42-1.42L8.58 10 5.05 6.47l1.42-1.42L10 8.58l3.54-3.53z\"><\/path><\/svg><\/button><a id=\"item-id-23319\" href=\"https:\/\/mab.org.br\/arpilleras-do-mab\/o-antes-e-o-depois\/\" target=\"_blank\" class=\" \" rel=\"noopener noreferrer\"><img decoding=\"async\" src=\"https:\/\/mab.org.br\/wp-content\/uploads\/tainacan-items\/23258\/23319\/O-ANTES-E-O-DEPOIS-275x275.png\" alt=\"El antes y el despu\u00e9s\"><span>El antes y el despu\u00e9s<\/span><\/a><\/li><\/ul><\/div>\n\n\n\n<p><\/p>\n<\/div>\n<\/div>\n\n<div style=\"height:50px\" aria-hidden=\"true\" class=\"wp-block-spacer div-space\"><\/div>\n\n<div class=\"wp-block-columns is-layout-flex wp-container-core-columns-is-layout-9d6595d7 wp-block-columns-is-layout-flex\">\n<div class=\"wp-block-column is-layout-flow wp-block-column-is-layout-flow\" style=\"flex-basis:40%\"><\/div>\n\n\n\n<div class=\"wp-block-column is-layout-flow wp-block-column-is-layout-flow\" style=\"flex-basis:60%\">\n<h3 class=\"has-text-color has-text-align-left wp-block-heading\" style=\"color:#59006b\">TEJIENDO NUESTRA ORGANIZACI\u00d3N<\/h3>\n<\/div>\n<\/div>\n\n<div class=\"wp-block-columns is-layout-flex wp-container-core-columns-is-layout-9d6595d7 wp-block-columns-is-layout-flex\">\n<div class=\"wp-block-column is-layout-flow wp-block-column-is-layout-flow\" style=\"flex-basis:40%\">\n<figure class=\"wp-block-video\"><video autoplay=\"\" controls=\"\" loop=\"\" poster=\"https:\/\/mab.org.br\/wp-content\/uploads\/2021\/10\/organiza&#xE7;&#xE3;o-scaled.jpg\" src=\"https:\/\/mab.org.br\/wp-content\/uploads\/2021\/10\/mab_003_01.mp4\"><\/video><\/figure>\n\n\n<p><\/p>\n<\/div>\n\n\n\n<div class=\"wp-block-column is-layout-flow wp-block-column-is-layout-flow\" style=\"flex-basis:60%\">\n<p>El Movimiento de Afectados por Represas tiene una larga historia de resistencias, luchas y logros. Desde el principio las mujeres jugamos un papel activo e importante en esta organizaci\u00f3n. Adem\u00e1s de ser una herramienta de denuncia, las Arpilleras son una invitaci\u00f3n y una posibilidad para formar organizaciones de mujeres.<\/p>\n\n\n\n<div data-module=\"items-list\" class=\"wp-block-tainacan-items-list\"><ul style=\"grid-template-columns:repeat(auto-fill, 220px)\" class=\"items-list items-layout-grid\"><li class=\"item-list-item\" style=\"margin-bottom:12px\"><button type=\"button\" class=\"components-button has-icon\" aria-label=\"Remover\"><svg aria-hidden=\"true\" role=\"img\" focusable=\"false\" xmlns=\"http:\/\/www.w3.org\/2000\/svg\" width=\"20\" height=\"20\" viewbox=\"0 0 20 20\" class=\"dashicon dashicons-no-alt\"><path d=\"M14.95 6.46L11.41 10l3.54 3.54-1.41 1.41L10 11.42l-3.53 3.53-1.42-1.42L8.58 10 5.05 6.47l1.42-1.42L10 8.58l3.54-3.53z\"><\/path><\/svg><\/button><a id=\"item-id-25045\" href=\"https:\/\/mab.org.br\/arpilleras-do-mab\/mulher-agua-e-energia-nao-sao-mercadorias\/\" target=\"_blank\" class=\" \" rel=\"noopener noreferrer\"><img decoding=\"async\" src=\"https:\/\/mab.org.br\/wp-content\/uploads\/tainacan-items\/23258\/25045\/1-1-275x275.png\" alt=\"\u00a1Las mujeres, el agua y la energ\u00eda no son mercanc\u00edas!\"><span>\u00a1Las mujeres, el agua y la energ\u00eda no son mercanc\u00edas!<\/span><\/a><\/li><li class=\"item-list-item\" style=\"margin-bottom:12px\"><button type=\"button\" class=\"components-button has-icon\" aria-label=\"Remover\"><svg aria-hidden=\"true\" role=\"img\" focusable=\"false\" xmlns=\"http:\/\/www.w3.org\/2000\/svg\" width=\"20\" height=\"20\" viewbox=\"0 0 20 20\" class=\"dashicon dashicons-no-alt\"><path d=\"M14.95 6.46L11.41 10l3.54 3.54-1.41 1.41L10 11.42l-3.53 3.53-1.42-1.42L8.58 10 5.05 6.47l1.42-1.42L10 8.58l3.54-3.53z\"><\/path><\/svg><\/button><a id=\"item-id-24604\" href=\"https:\/\/mab.org.br\/arpilleras-do-mab\/mulheres-atingidas-em-defesa-da-vida\/\" target=\"_blank\" class=\" \" rel=\"noopener noreferrer\"><img decoding=\"async\" src=\"https:\/\/mab.org.br\/wp-content\/uploads\/tainacan-items\/23258\/24604\/1-275x275.png\" alt=\"Mujeres afectadas en defensa de la vida\"><span>Mujeres afectadas en defensa de la vida<\/span><\/a><\/li><li class=\"item-list-item\" style=\"margin-bottom:12px\"><button type=\"button\" class=\"components-button has-icon\" aria-label=\"Remover\"><svg aria-hidden=\"true\" role=\"img\" focusable=\"false\" xmlns=\"http:\/\/www.w3.org\/2000\/svg\" width=\"20\" height=\"20\" viewbox=\"0 0 20 20\" class=\"dashicon dashicons-no-alt\"><path d=\"M14.95 6.46L11.41 10l3.54 3.54-1.41 1.41L10 11.42l-3.53 3.53-1.42-1.42L8.58 10 5.05 6.47l1.42-1.42L10 8.58l3.54-3.53z\"><\/path><\/svg><\/button><a id=\"item-id-24274\" href=\"https:\/\/mab.org.br\/arpilleras-do-mab\/mulheres-agua-e-energia-nao-sao-mercadoria\/\" target=\"_blank\" class=\" \" rel=\"noopener noreferrer\"><img decoding=\"async\" src=\"https:\/\/mab.org.br\/wp-content\/uploads\/tainacan-items\/23258\/24274\/Mulheres-%C3%A1gua-e-energia-n%C3%A3o-s%C3%A3o-mercadoria-275x275.png\" alt=\"\u00a1Las mujeres, el agua y la energ\u00eda no son mercanc\u00edas!\"><span>\u00a1Las mujeres, el agua y la energ\u00eda no son mercanc\u00edas!<\/span><\/a><\/li><\/ul><\/div>\n\n\n\n<p><\/p>\n<\/div>\n<\/div>\n\n<div style=\"height:50px\" aria-hidden=\"true\" class=\"wp-block-spacer div-space\"><\/div>\n\n<div class=\"wp-block-columns is-layout-flex wp-container-core-columns-is-layout-9d6595d7 wp-block-columns-is-layout-flex\">\n<div class=\"wp-block-column is-layout-flow wp-block-column-is-layout-flow\" style=\"flex-basis:40%\"><\/div>\n\n\n\n<div class=\"wp-block-column is-layout-flow wp-block-column-is-layout-flow\" style=\"flex-basis:60%\">\n<h3 class=\"has-text-color has-text-align-left wp-block-heading\" style=\"color:#59006b\">COSER EL DISE\u00d1O POPULAR<\/h3>\n<\/div>\n<\/div>\n\n<div class=\"wp-block-columns is-layout-flex wp-container-core-columns-is-layout-9d6595d7 wp-block-columns-is-layout-flex\">\n<div class=\"wp-block-column is-layout-flow wp-block-column-is-layout-flow\" style=\"flex-basis:40%\">\n<figure class=\"wp-block-video\"><video autoplay=\"\" controls=\"\" loop=\"\" poster=\"https:\/\/mab.org.br\/wp-content\/uploads\/2021\/10\/projeto-scaled.jpg\" src=\"https:\/\/mab.org.br\/wp-content\/uploads\/2021\/10\/mab_004_01.mp4\"><\/video><\/figure><\/div>\n\n\n\n<div class=\"wp-block-column is-layout-flow wp-block-column-is-layout-flow\" style=\"flex-basis:60%\">\n<p>En el MAB, junto con los movimientos que integran la Plataforma Operaria da \u00c1gua e da Energia, articulaci\u00f3n formada con organizaciones de trabajadores de las \u00e1reas de energ\u00eda, educaci\u00f3n y juventud, venimos enfocados en la propuesta de un proyecto energ\u00e9tico que ponga energ\u00eda al servicio del pueblo brasile\u00f1o, con soberan\u00eda, distribuci\u00f3n de la riqueza y control popular.<\/p>\n\n\n\n<div data-module=\"items-list\" class=\"wp-block-tainacan-items-list\"><ul style=\"grid-template-columns:repeat(auto-fill, 220px)\" class=\"items-list items-layout-grid\"><li class=\"item-list-item\" style=\"margin-bottom:12px\"><button type=\"button\" class=\"components-button has-icon\" aria-label=\"Remover\"><svg aria-hidden=\"true\" role=\"img\" focusable=\"false\" xmlns=\"http:\/\/www.w3.org\/2000\/svg\" width=\"20\" height=\"20\" viewbox=\"0 0 20 20\" class=\"dashicon dashicons-no-alt\"><path d=\"M14.95 6.46L11.41 10l3.54 3.54-1.41 1.41L10 11.42l-3.53 3.53-1.42-1.42L8.58 10 5.05 6.47l1.42-1.42L10 8.58l3.54-3.53z\"><\/path><\/svg><\/button><a id=\"item-id-23323\" href=\"https:\/\/mab.org.br\/arpilleras-do-mab\/poder-popular\/\" target=\"_blank\" class=\" \" rel=\"noopener noreferrer\"><img decoding=\"async\" src=\"https:\/\/mab.org.br\/wp-content\/uploads\/tainacan-items\/23258\/23323\/4-275x275.png\" alt=\"El poder de la gente\"><span>El poder de la gente<\/span><\/a><\/li><li class=\"item-list-item\" style=\"margin-bottom:12px\"><button type=\"button\" class=\"components-button has-icon\" aria-label=\"Remover\"><svg aria-hidden=\"true\" role=\"img\" focusable=\"false\" xmlns=\"http:\/\/www.w3.org\/2000\/svg\" width=\"20\" height=\"20\" viewbox=\"0 0 20 20\" class=\"dashicon dashicons-no-alt\"><path d=\"M14.95 6.46L11.41 10l3.54 3.54-1.41 1.41L10 11.42l-3.53 3.53-1.42-1.42L8.58 10 5.05 6.47l1.42-1.42L10 8.58l3.54-3.53z\"><\/path><\/svg><\/button><a id=\"item-id-23317\" href=\"https:\/\/mab.org.br\/arpilleras-do-mab\/defender-a-amazonia-e-defender-a-vida\/\" target=\"_blank\" class=\" \" rel=\"noopener noreferrer\"><img decoding=\"async\" src=\"https:\/\/mab.org.br\/wp-content\/uploads\/tainacan-items\/23258\/23317\/IMG_3944-275x275.jpg\" alt=\"Defender la Amazonia es defender la vida\"><span>Defender la Amazonia es defender la vida<\/span><\/a><\/li><li class=\"item-list-item\" style=\"margin-bottom:12px\"><button type=\"button\" class=\"components-button has-icon\" aria-label=\"Remover\"><svg aria-hidden=\"true\" role=\"img\" focusable=\"false\" xmlns=\"http:\/\/www.w3.org\/2000\/svg\" width=\"20\" height=\"20\" viewbox=\"0 0 20 20\" class=\"dashicon dashicons-no-alt\"><path d=\"M14.95 6.46L11.41 10l3.54 3.54-1.41 1.41L10 11.42l-3.53 3.53-1.42-1.42L8.58 10 5.05 6.47l1.42-1.42L10 8.58l3.54-3.53z\"><\/path><\/svg><\/button><a id=\"item-id-23311\" href=\"https:\/\/mab.org.br\/arpilleras-do-mab\/a-energia-e-nossa-2\/\" target=\"_blank\" class=\" \" rel=\"noopener noreferrer\"><img decoding=\"async\" src=\"https:\/\/mab.org.br\/wp-content\/uploads\/2021\/10\/cropped-A-Energia-%C3%A9-nossa-275x275.jpeg\" alt=\"La energ\u00eda es nuestra.\"><span>La energ\u00eda es nuestra.<\/span><\/a><\/li><\/ul><\/div>\n\n\n\n<p><\/p>\n<\/div>\n<\/div>\n\n<div class=\"wp-block-group is-layout-flow wp-block-group-is-layout-flow\"><div class=\"wp-block-group__inner-container\"><\/div><\/div>\n\n<div class=\"wp-block-buttons aligncenter is-layout-flex wp-block-buttons-is-layout-flex\">\n<div class=\"wp-block-button\"><a class=\"wp-block-button__link has-background\" href=\"https:\/\/mab.org.br\/repositorio\/\" style=\"background-color:#59006b;border-radius:25px\">DESCUBRE LA COLECCI\u00d3N DIGITAL DEL MAB<\/a><\/div>\n<\/div>\n\n<hr class=\"wp-block-separator has-text-color has-background is-style-wide\" style=\"background-color:#59006b;color:#59006b\"\/>\n<div id=\"pl-gb47704-69f1db876b0be\"  class=\"panel-layout\" ><div id=\"pg-gb47704-69f1db876b0be-0\"  class=\"panel-grid panel-has-style\" ><div id=\"pagina-mulheres\" class=\"panel-row-style panel-row-style-for-gb47704-69f1db876b0be-0\" ><div id=\"pgc-gb47704-69f1db876b0be-0-0\"  class=\"panel-grid-cell\" ><div id=\"panel-gb47704-69f1db876b0be-0-0-0\" class=\"so-panel widget widget_siteorigin-panels-builder panel-first-child panel-last-child\" data-index=\"0\" ><div id=\"pl-w617d2794ad626\"  class=\"panel-layout\" ><div id=\"pg-w617d2794ad626-0\"  class=\"panel-grid panel-no-style\" ><div id=\"pgc-w617d2794ad626-0-0\"  class=\"panel-grid-cell\" ><div id=\"panel-w617d2794ad626-0-0-0\" class=\"so-panel widget widget_header-destacado panel-first-child panel-last-child\" data-index=\"0\" ><div class=\"mulheres panel-widget-style panel-widget-style-for-w617d2794ad626-0-0-0\" ><div\n\t\t\t\n\t\t\tclass=\"so-widget-header-destacado so-widget-header-destacado-style-d75171398898\"\n\t\t\t\n\t\t><div class=\"header-destacado fullwidth\">\n    <section class=\"header-destacado--image\" style=\"background-image: url('')\">\n        <div class=\"row\">\n            <div class=\"column large-12\">\n                <div class=\"content\">\n                    <div class=\"text\">\n                        MULHERES E ARPILLERAS                    <\/div>\n                <\/div>\n            <\/div>\n        <\/div>\n        \n    <\/section>\n    <div class=\"row credit\">\n        <div class=\"column\">\n                    <\/div>  \n    <\/div>\n<\/div><\/div><\/div><\/div><\/div><\/div><div id=\"pg-w617d2794ad626-1\"  class=\"panel-grid panel-has-style\" ><div class=\"panel-row-style panel-row-style-for-w617d2794ad626-1\" ><div id=\"pgc-w617d2794ad626-1-0\"  class=\"panel-grid-cell\" ><div id=\"panel-w617d2794ad626-1-0-0\" class=\"so-panel widget widget_sow-editor panel-first-child panel-last-child\" data-index=\"1\" ><div\n\t\t\t\n\t\t\tclass=\"so-widget-sow-editor so-widget-sow-editor-base\"\n\t\t\t\n\t\t><h3 class=\"widget-title\">SOBRE AS MULHERES ATINGIDAS POR BARRAGENS<\/h3>\n<div class=\"siteorigin-widget-tinymce textwidget\">\n\t<p>A experi\u00eancia da realidade, e diversos estudos, provam que as mulheres, historicamente, s\u00e3o as grandes v\u00edtimas dentro da reprodu\u00e7\u00e3o do modelo capitalista, patriarcal e machista, no qual estamos inseridos. Em nosso caso espec\u00edfico, de mulheres atingidas por barragens, temos um agravante, al\u00e9m de sofrer com as desigualdades de classe e nas rela\u00e7\u00f5es de g\u00eanero, precisamos tamb\u00e9m enfrentar as viola\u00e7\u00f5es de direitos causadas pelas constru\u00e7\u00f5es de barragens. Essas viola\u00e7\u00f5es foram confirmadas no relat\u00f3rio final do Conselho Nacional de Direitos Humanos, \u00e0 \u00e9poca Conselho de Defesa e Direitos da Pessoa Humana (CDDPH), em dezembro 2010, o qual destaca: \u201cas mulheres s\u00e3o atingidas de forma particularmente grave e encontram maiores obst\u00e1culos para a recomposi\u00e7\u00e3o de seus meios e modos de vida; [&#8230;] elas, n\u00e3o tem, via de regra, sido consideradas em suas especificidades e dificuldades particulares\u201d.<\/p>\n<p>Desde o in\u00edcio, as mulheres tiveram um papel ativo e importante na constru\u00e7\u00e3o do MAB em todas as regi\u00f5es do Brasil, seja nas tarefas de liderar as lutas, seja nas tarefas organizativas na comunidade que fortaleciam o movimento garantindo a organicidade das atividades. Cada regi\u00e3o traz suas particularidades, o importante \u00e9 evidenciar que as mulheres atingidas sempre estiveram em busca de seus direitos. Com base nisso, a organiza\u00e7\u00e3o foi amadurecendo a necessidade da participa\u00e7\u00e3o das mulheres nos espa\u00e7os de decis\u00e3o, construindo condi\u00e7\u00f5es para acelerar processos de protagonismo feminino dentro do movimento. Entre 2007 e 2010, foram realizados diversos encontros com as mulheres de diferentes regi\u00f5es com o objetivo de fomentar a participa\u00e7\u00e3o e construir coletivamente um entendimento de como as barragens afetam a vida das mulheres. Com isso, sistematizamos as viola\u00e7\u00f5es aos direitos das mulheres atingidas, nos seguintes eixos: Mundo do trabalho, Participa\u00e7\u00e3o pol\u00edtica, Rela\u00e7\u00e3o com as empresas, Perdas dos la\u00e7os comunit\u00e1rios, Direitos sexuais e reprodutivos, Acesso a pol\u00edticas p\u00fablicas.<\/p>\n<p>&nbsp;<\/p>\n<p>&nbsp;<\/p>\n<\/div>\n<\/div><\/div><\/div><div id=\"pgc-w617d2794ad626-1-1\"  class=\"panel-grid-cell\" ><div class=\"panel-cell-style panel-cell-style-for-w617d2794ad626-1-1\" ><div id=\"panel-w617d2794ad626-1-1-0\" class=\"so-panel widget widget_text panel-first-child panel-last-child\" data-index=\"2\" ><div class=\"txt-arpilleras panel-widget-style panel-widget-style-for-w617d2794ad626-1-1-0\" ><h3 class=\"widget-title\">CONHE\u00c7A AS ARPILLERAS<\/h3>\t\t\t<div class=\"textwidget\"><p>As arpilleras fazem parte de uma t\u00e9cnica t\u00eaxtil popular chilena, que incorpora elementos tridimensionais e retalhos de tecido aplicados sobre o suporte de juta, que, em espanhol \u00e9 \u201carpillera\u201d, da\u00ed o nome. Nos anos sombrios da repress\u00e3o militar chilena, as arpilleras floriram os p\u00e1tios, interiores das casas e igrejas da periferia de Santiago como forma de den\u00fancia da viol\u00eancia estabelecida. Com tem\u00e1ticas que inclu\u00edam desde afazeres do cotidiano at\u00e9 gritos de luta e de luto, as pe\u00e7as ganharam o mundo &#8211; algumas continham, inclusive, fragmentos de roupas dos desaparecidos pol\u00edticos costurados.<\/p>\n<p>\u00c9 com esse sentido pol\u00edtico que mulheres atingidas por barragens no Brasil, por meio do contato com as mulheres organizadas no MAB, resgatam a t\u00e9cnica, visando, de forma art\u00edstica, denunciar viola\u00e7\u00f5es ambientais, sociais, econ\u00f4micas e culturais que as atingem em consequ\u00eancia do modelo energ\u00e9tico adotado no nosso pa\u00eds. Desde 2013, foram realizadas oficinas auto-organizadas onde s\u00e3o costurados coletivamente os testemunhos da realidade de mulheres atingidas em 19 estados. Para n\u00f3s, do MAB, as arpilleras, al\u00e9m de uma ferramenta de den\u00fancia, s\u00e3o um convite e uma possibilidade de tecer a organiza\u00e7\u00e3o das mulheres. \u00c9 assim que as pe\u00e7as s\u00e3o costuradas, em cada ponto o anseio de que outro mundo \u00e9 necess\u00e1rio e poss\u00edvel de ser tecido coletivamente.<\/p>\n<p><strong><a href=\"https:\/\/mab.org.br\/repositorio\/?view_mode=masonry&amp;perpage=12&amp;paged=1&amp;order=DESC&amp;orderby=date&amp;fetch_only=thumbnail%2Ccreation_date%2Ctitle%2Cdescription&amp;fetch_only_meta=\">SABER MAIS SOBRE ARPILLERAS<\/a><\/strong><\/p>\n<p><img loading=\"lazy\" decoding=\"async\" class=\"wp-image-21789 aligncenter\" src=\"https:\/\/mab.org.br\/wp-content\/uploads\/2021\/08\/657_Sao-Paulo-launch-M\u00edstica-Abertura-DSC-LR-300x199.jpg\" alt=\"\" width=\"444\" height=\"294\" srcset=\"https:\/\/mab.org.br\/wp-content\/uploads\/2021\/08\/657_Sao-Paulo-launch-M\u00edstica-Abertura-DSC-LR-300x199.jpg 300w, https:\/\/mab.org.br\/wp-content\/uploads\/2021\/08\/657_Sao-Paulo-launch-M\u00edstica-Abertura-DSC-LR-768x508.jpg 768w, https:\/\/mab.org.br\/wp-content\/uploads\/2021\/08\/657_Sao-Paulo-launch-M\u00edstica-Abertura-DSC-LR.jpg 1000w\" sizes=\"auto, (max-width: 444px) 100vw, 444px\" \/><\/p>\n<\/div>\n\t\t<\/div><\/div><\/div><\/div><\/div><\/div><div id=\"pg-w617d2794ad626-2\"  class=\"panel-grid panel-has-style\" ><div class=\"video-destacado siteorigin-panels-stretch panel-row-style panel-row-style-for-w617d2794ad626-2\" data-stretch-type=\"full\" ><div id=\"pgc-w617d2794ad626-2-0\"  class=\"panel-grid-cell\" ><div id=\"panel-w617d2794ad626-2-0-0\" class=\"so-panel widget widget_media_video panel-first-child panel-last-child\" data-index=\"3\" ><div style=\"width:100%;\" class=\"wp-video\"><!--[if lt IE 9]><script>document.createElement('video');<\/script><![endif]-->\n<video class=\"wp-video-shortcode\" id=\"video-47704-1\" preload=\"metadata\" controls=\"controls\"><source type=\"video\/youtube\" src=\"https:\/\/youtu.be\/PEu-AATb3TU?_=1\" \/><a href=\"https:\/\/youtu.be\/PEu-AATb3TU\">https:\/\/youtu.be\/PEu-AATb3TU<\/a><\/video><\/div><\/div><\/div><div id=\"pgc-w617d2794ad626-2-1\"  class=\"panel-grid-cell\" ><div id=\"panel-w617d2794ad626-2-1-0\" class=\"so-panel widget widget_sow-editor panel-first-child\" data-index=\"4\" ><div class=\"panel-widget-style panel-widget-style-for-w617d2794ad626-2-1-0\" ><div\n\t\t\t\n\t\t\tclass=\"so-widget-sow-editor so-widget-sow-editor-base\"\n\t\t\t\n\t\t><h3 class=\"widget-title\">O filme \u201cArpilleras\u00bb<\/h3>\n<div class=\"siteorigin-widget-tinymce textwidget\">\n\t<p>O Filme conta a hist\u00f3ria de dez mulheres atingidas por barragens das cinco regi\u00f5es do Brasil que, por meio de uma t\u00e9cnica de bordado surgida no Chile durante a ditadura militar, costuraram seus relatos de dor, luta e supera\u00e7\u00e3o frente \u00e0s viola\u00e7\u00f5es sofridas em suas vidas cotidianas. A costura, que sempre foi vista como tarefa do lar, transformou-se numa ferramenta poderosa de resist\u00eancia, de den\u00fancia e empoderamento feminino. Por meio desse \u201cfio\u201d condutor, cada mulher bordou sua hist\u00f3ria, singular e coletiva, na respectiva regi\u00e3o do mapa do Brasil.<\/p>\n<\/div>\n<\/div><\/div><\/div><div id=\"panel-w617d2794ad626-2-1-1\" class=\"so-panel widget widget_sow-button panel-last-child\" data-index=\"5\" ><div\n\t\t\t\n\t\t\tclass=\"so-widget-sow-button so-widget-sow-button-atom-068944f88564\"\n\t\t\t\n\t\t><div class=\"ow-button-base ow-button-align-center\"\n>\n\t\t\t<a\n\t\t\t\t\thref=\"https:\/\/mab.org.br\/wp-content\/uploads\/2021\/10\/Carta_Arpilleras.pdf\"\n\t\t\t\t\tclass=\"sowb-button ow-icon-placement-left ow-button-hover\" \t>\n\t\t<span>\n\t\t\t\n\t\t\tACESSE A CARTA\t\t<\/span>\n\t\t\t<\/a>\n\t<\/div>\n<\/div><\/div><\/div><\/div><\/div><\/div><\/div><\/div><\/div><\/div><\/div>\n<div style=\"height:23px\" aria-hidden=\"true\" class=\"wp-block-spacer\"><\/div>\n<div id=\"pl-gb47704-69f1db876ef4e\"  class=\"panel-layout\" ><div id=\"pg-gb47704-69f1db876ef4e-0\"  class=\"panel-grid panel-no-style\" ><div id=\"pgc-gb47704-69f1db876ef4e-0-0\"  class=\"panel-grid-cell\" ><div id=\"panel-gb47704-69f1db876ef4e-0-0-0\" class=\"so-panel widget widget_title-button panel-first-child\" data-index=\"0\" ><div class=\"titulo-sessao-mulheres panel-widget-style panel-widget-style-for-gb47704-69f1db876ef4e-0-0-0\" ><div\n\t\t\t\n\t\t\tclass=\"so-widget-title-button so-widget-title-button-style-d75171398898-47704\"\n\t\t\t\n\t\t><h2 class=\"section-title title-default\">\t\t<i class=\"section-title--icon\"><\/i>\n\t\t<span class=\"section-title--title\">\n\t\tNOTICIAS\t<\/span>\n\t\t\t\t\t<\/h2><\/div><\/div><\/div><div id=\"panel-gb47704-69f1db876ef4e-0-0-1\" class=\"so-panel widget widget_posts-list panel-last-child\" data-index=\"1\" ><div\n\t\t\t\n\t\t\tclass=\"so-widget-posts-list so-widget-posts-list-style-d75171398898-47704\"\n\t\t\t\n\t\t><div class=\"posts-list list\">\n        <div class=\"row\">\n            <\/div> \n    <\/div>\n<\/div><\/div><\/div><div id=\"pgc-gb47704-69f1db876ef4e-0-1\"  class=\"panel-grid-cell\" ><div id=\"panel-gb47704-69f1db876ef4e-0-1-0\" class=\"so-panel widget widget_sow-image panel-first-child\" data-index=\"2\" ><div class=\"panel-widget-style panel-widget-style-for-gb47704-69f1db876ef4e-0-1-0\" ><div\n\t\t\t\n\t\t\tclass=\"so-widget-sow-image so-widget-sow-image-default-c67d20f9f743-47704\"\n\t\t\t\n\t\t>\n<div class=\"sow-image-container\">\n\t\t<img \n\tsrc=\"https:\/\/mab.org.br\/wp-content\/uploads\/2021\/03\/mab_feminista_vetor-150.png\" width=\"146\" height=\"150\" sizes=\"(max-width: 146px) 100vw, 146px\" alt=\"\" \t\tclass=\"so-widget-image\"\/>\n\t<\/div>\n\n<\/div><\/div><\/div><div id=\"panel-gb47704-69f1db876ef4e-0-1-1\" class=\"so-panel widget widget_newsletter panel-last-child\" data-index=\"3\" ><div class=\"panel-widget-style panel-widget-style-for-gb47704-69f1db876ef4e-0-1-1\" ><div\n\t\t\t\n\t\t\tclass=\"so-widget-newsletter so-widget-newsletter-style-d75171398898-47704\"\n\t\t\t\n\t\t><div class=\"newsletter\">\n\n    <div class=\"large-12 footer-newsletter\">\n        <div class=\"newsletter-header\">\n            <div class=\"title\">Newsletter<\/div>\n            <div class=\"subtitle\">\n                Assine e receba novidades por email!            <\/div>\n            \n        <\/div>\n\n        <div class=\"form-wrapper\">\n            \n<div class=\"wpcf7 no-js\" id=\"wpcf7-f47834-o1\" lang=\"es-ES\" dir=\"ltr\" data-wpcf7-id=\"47834\">\n<div class=\"screen-reader-response\"><p role=\"status\" aria-live=\"polite\" aria-atomic=\"true\"><\/p> <ul><\/ul><\/div>\n<form action=\"\/es\/wp-json\/wp\/v2\/pages\/47704#wpcf7-f47834-o1\" method=\"post\" class=\"wpcf7-form init\" aria-label=\"Formulario de contacto\" novalidate=\"novalidate\" data-status=\"init\">\n<div style=\"display: none;\">\n<input type=\"hidden\" name=\"_wpcf7\" value=\"47834\" \/>\n<input type=\"hidden\" name=\"_wpcf7_version\" value=\"6.0.6\" \/>\n<input type=\"hidden\" name=\"_wpcf7_locale\" value=\"es_ES\" \/>\n<input type=\"hidden\" name=\"_wpcf7_unit_tag\" value=\"wpcf7-f47834-o1\" \/>\n<input type=\"hidden\" name=\"_wpcf7_container_post\" value=\"0\" \/>\n<input type=\"hidden\" name=\"_wpcf7_posted_data_hash\" value=\"\" \/>\n<input type=\"hidden\" name=\"_wpcf7_recaptcha_response\" value=\"\" \/>\n<\/div>\n<p><span class=\"wpcf7-form-control-wrap\" data-name=\"your-name\"><input size=\"40\" maxlength=\"400\" class=\"wpcf7-form-control wpcf7-text wpcf7-validates-as-required\" aria-required=\"true\" aria-invalid=\"false\" placeholder=\"Su nombre\" value=\"\" type=\"text\" name=\"your-name\" \/><\/span><span class=\"wpcf7-form-control-wrap\" data-name=\"your-email\"><input size=\"40\" maxlength=\"400\" class=\"wpcf7-form-control wpcf7-email wpcf7-validates-as-required wpcf7-text wpcf7-validates-as-email\" aria-required=\"true\" aria-invalid=\"false\" placeholder=\"Su e-mail\" value=\"\" type=\"email\" name=\"your-email\" \/><\/span><input class=\"wpcf7-form-control wpcf7-submit has-spinner\" type=\"submit\" value=\"Assinar\" \/>\n<\/p><div class=\"wpcf7-response-output\" aria-hidden=\"true\"><\/div>\n<\/form>\n<\/div>\n        <\/div>\n    \n    <\/div>\n<\/div><\/div><\/div><\/div><\/div><\/div><\/div>","protected":false},"excerpt":{"rendered":"<p>MUJERES GOLPEADAS POR PRESAS Exposici\u00f3n Arpilleras: Alcanzados en defensa de la vida Esta exposici\u00f3n de arpilleras trae una selecci\u00f3n de piezas textiles sobre la lucha de las mujeres afectadas en [&hellip;]<\/p>\n","protected":false},"author":1,"featured_media":0,"parent":0,"menu_order":0,"comment_status":"closed","ping_status":"closed","template":"template-grid-padding.php","meta":{"_acf_changed":false,"_monsterinsights_skip_tracking":false,"_monsterinsights_sitenote_active":false,"_monsterinsights_sitenote_note":"","_monsterinsights_sitenote_category":0,"footnotes":""},"class_list":["post-47704","page","type-page","status-publish","hentry"],"acf":[],"yoast_head":"<!-- This site is optimized with the Yoast SEO plugin v27.5 - https:\/\/yoast.com\/product\/yoast-seo-wordpress\/ -->\n<title>Mujeres - MAB - Movimento dos Atingidos por Barragens<\/title>\n<meta name=\"robots\" content=\"index, follow, max-snippet:-1, max-image-preview:large, max-video-preview:-1\" \/>\n<link rel=\"canonical\" href=\"https:\/\/mab.org.br\/es\/mujeres\/\" \/>\n<meta property=\"og:locale\" content=\"es_ES\" \/>\n<meta property=\"og:type\" content=\"article\" \/>\n<meta property=\"og:title\" content=\"Mujeres - MAB - Movimento dos Atingidos por Barragens\" \/>\n<meta property=\"og:description\" content=\"MUJERES GOLPEADAS POR PRESAS Exposici\u00f3n Arpilleras: Alcanzados en defensa de la vida Esta exposici\u00f3n de arpilleras trae una selecci\u00f3n de piezas textiles sobre la lucha de las mujeres afectadas en [&hellip;]\" \/>\n<meta property=\"og:url\" content=\"https:\/\/mab.org.br\/es\/mujeres\/\" \/>\n<meta property=\"og:site_name\" content=\"MAB - Movimento dos Atingidos por Barragens\" \/>\n<meta property=\"article:modified_time\" content=\"2024-01-29T17:25:24+00:00\" \/>\n<meta property=\"og:image\" content=\"https:\/\/mab.org.br\/wp-content\/uploads\/2021\/10\/aguja-hilo.jpg\" \/>\n<meta name=\"twitter:card\" content=\"summary_large_image\" \/>\n<meta name=\"twitter:label1\" content=\"Tiempo de lectura\" \/>\n\t<meta name=\"twitter:data1\" content=\"6 minutos\" \/>\n<script type=\"application\/ld+json\" class=\"yoast-schema-graph\">{\"@context\":\"https:\\\/\\\/schema.org\",\"@graph\":[{\"@type\":\"WebPage\",\"@id\":\"https:\\\/\\\/mab.org.br\\\/es\\\/mujeres\\\/\",\"url\":\"https:\\\/\\\/mab.org.br\\\/es\\\/mujeres\\\/\",\"name\":\"Mujeres - MAB - Movimento dos Atingidos por Barragens\",\"isPartOf\":{\"@id\":\"https:\\\/\\\/mab.org.br\\\/es\\\/#website\"},\"primaryImageOfPage\":{\"@id\":\"https:\\\/\\\/mab.org.br\\\/es\\\/mujeres\\\/#primaryimage\"},\"image\":{\"@id\":\"https:\\\/\\\/mab.org.br\\\/es\\\/mujeres\\\/#primaryimage\"},\"thumbnailUrl\":\"https:\\\/\\\/mab.org.br\\\/wp-content\\\/uploads\\\/2021\\\/10\\\/aguja-hilo.jpg\",\"datePublished\":\"2021-04-28T17:10:05+00:00\",\"dateModified\":\"2024-01-29T17:25:24+00:00\",\"breadcrumb\":{\"@id\":\"https:\\\/\\\/mab.org.br\\\/es\\\/mujeres\\\/#breadcrumb\"},\"inLanguage\":\"es\",\"potentialAction\":[{\"@type\":\"ReadAction\",\"target\":[\"https:\\\/\\\/mab.org.br\\\/es\\\/mujeres\\\/\"]}]},{\"@type\":\"ImageObject\",\"inLanguage\":\"es\",\"@id\":\"https:\\\/\\\/mab.org.br\\\/es\\\/mujeres\\\/#primaryimage\",\"url\":\"https:\\\/\\\/mab.org.br\\\/wp-content\\\/uploads\\\/2021\\\/10\\\/aguja-hilo.jpg\",\"contentUrl\":\"https:\\\/\\\/mab.org.br\\\/wp-content\\\/uploads\\\/2021\\\/10\\\/aguja-hilo.jpg\"},{\"@type\":\"BreadcrumbList\",\"@id\":\"https:\\\/\\\/mab.org.br\\\/es\\\/mujeres\\\/#breadcrumb\",\"itemListElement\":[{\"@type\":\"ListItem\",\"position\":1,\"name\":\"In\u00edcio\",\"item\":\"https:\\\/\\\/mab.org.br\\\/es\\\/\"},{\"@type\":\"ListItem\",\"position\":2,\"name\":\"Mujeres\"}]},{\"@type\":\"WebSite\",\"@id\":\"https:\\\/\\\/mab.org.br\\\/es\\\/#website\",\"url\":\"https:\\\/\\\/mab.org.br\\\/es\\\/\",\"name\":\"MAB - Movimento dos Atingidos por Barragens\",\"description\":\"El Movimiento de Afectados por Represas (MAB) es un movimiento popular brasile\u00f1o que surgi\u00f3 a finales de los a\u00f1os 1970 con el objetivo de organizar a los afectados por la construcci\u00f3n de represas para defender sus derechos.\",\"publisher\":{\"@id\":\"https:\\\/\\\/mab.org.br\\\/es\\\/#organization\"},\"alternateName\":\"MAB\",\"potentialAction\":[{\"@type\":\"SearchAction\",\"target\":{\"@type\":\"EntryPoint\",\"urlTemplate\":\"https:\\\/\\\/mab.org.br\\\/es\\\/?s={search_term_string}\"},\"query-input\":{\"@type\":\"PropertyValueSpecification\",\"valueRequired\":true,\"valueName\":\"search_term_string\"}}],\"inLanguage\":\"es\"},{\"@type\":\"Organization\",\"@id\":\"https:\\\/\\\/mab.org.br\\\/es\\\/#organization\",\"name\":\"Movimento dos Atingidos por Barragens\",\"alternateName\":\"MAB\",\"url\":\"https:\\\/\\\/mab.org.br\\\/es\\\/\",\"logo\":{\"@type\":\"ImageObject\",\"inLanguage\":\"es\",\"@id\":\"https:\\\/\\\/mab.org.br\\\/es\\\/#\\\/schema\\\/logo\\\/image\\\/\",\"url\":\"https:\\\/\\\/mab.org.br\\\/wp-content\\\/uploads\\\/2020\\\/06\\\/cropped-mabredonda.png\",\"contentUrl\":\"https:\\\/\\\/mab.org.br\\\/wp-content\\\/uploads\\\/2020\\\/06\\\/cropped-mabredonda.png\",\"width\":512,\"height\":512,\"caption\":\"Movimento dos Atingidos por Barragens\"},\"image\":{\"@id\":\"https:\\\/\\\/mab.org.br\\\/es\\\/#\\\/schema\\\/logo\\\/image\\\/\"}}]}<\/script>\n<!-- \/ Yoast SEO plugin. -->","yoast_head_json":{"title":"Mujeres - MAB - Movimento dos Atingidos por Barragens","robots":{"index":"index","follow":"follow","max-snippet":"max-snippet:-1","max-image-preview":"max-image-preview:large","max-video-preview":"max-video-preview:-1"},"canonical":"https:\/\/mab.org.br\/es\/mujeres\/","og_locale":"es_ES","og_type":"article","og_title":"Mujeres - MAB - Movimento dos Atingidos por Barragens","og_description":"MUJERES GOLPEADAS POR PRESAS Exposici\u00f3n Arpilleras: Alcanzados en defensa de la vida Esta exposici\u00f3n de arpilleras trae una selecci\u00f3n de piezas textiles sobre la lucha de las mujeres afectadas en [&hellip;]","og_url":"https:\/\/mab.org.br\/es\/mujeres\/","og_site_name":"MAB - Movimento dos Atingidos por Barragens","article_modified_time":"2024-01-29T17:25:24+00:00","og_image":[{"url":"https:\/\/mab.org.br\/wp-content\/uploads\/2021\/10\/aguja-hilo.jpg","type":"","width":"","height":""}],"twitter_card":"summary_large_image","twitter_misc":{"Tiempo de lectura":"6 minutos"},"schema":{"@context":"https:\/\/schema.org","@graph":[{"@type":"WebPage","@id":"https:\/\/mab.org.br\/es\/mujeres\/","url":"https:\/\/mab.org.br\/es\/mujeres\/","name":"Mujeres - MAB - Movimento dos Atingidos por Barragens","isPartOf":{"@id":"https:\/\/mab.org.br\/es\/#website"},"primaryImageOfPage":{"@id":"https:\/\/mab.org.br\/es\/mujeres\/#primaryimage"},"image":{"@id":"https:\/\/mab.org.br\/es\/mujeres\/#primaryimage"},"thumbnailUrl":"https:\/\/mab.org.br\/wp-content\/uploads\/2021\/10\/aguja-hilo.jpg","datePublished":"2021-04-28T17:10:05+00:00","dateModified":"2024-01-29T17:25:24+00:00","breadcrumb":{"@id":"https:\/\/mab.org.br\/es\/mujeres\/#breadcrumb"},"inLanguage":"es","potentialAction":[{"@type":"ReadAction","target":["https:\/\/mab.org.br\/es\/mujeres\/"]}]},{"@type":"ImageObject","inLanguage":"es","@id":"https:\/\/mab.org.br\/es\/mujeres\/#primaryimage","url":"https:\/\/mab.org.br\/wp-content\/uploads\/2021\/10\/aguja-hilo.jpg","contentUrl":"https:\/\/mab.org.br\/wp-content\/uploads\/2021\/10\/aguja-hilo.jpg"},{"@type":"BreadcrumbList","@id":"https:\/\/mab.org.br\/es\/mujeres\/#breadcrumb","itemListElement":[{"@type":"ListItem","position":1,"name":"In\u00edcio","item":"https:\/\/mab.org.br\/es\/"},{"@type":"ListItem","position":2,"name":"Mujeres"}]},{"@type":"WebSite","@id":"https:\/\/mab.org.br\/es\/#website","url":"https:\/\/mab.org.br\/es\/","name":"MAB - Movimento dos Atingidos por Barragens","description":"El Movimiento de Afectados por Represas (MAB) es un movimiento popular brasile\u00f1o que surgi\u00f3 a finales de los a\u00f1os 1970 con el objetivo de organizar a los afectados por la construcci\u00f3n de represas para defender sus derechos.","publisher":{"@id":"https:\/\/mab.org.br\/es\/#organization"},"alternateName":"MAB","potentialAction":[{"@type":"SearchAction","target":{"@type":"EntryPoint","urlTemplate":"https:\/\/mab.org.br\/es\/?s={search_term_string}"},"query-input":{"@type":"PropertyValueSpecification","valueRequired":true,"valueName":"search_term_string"}}],"inLanguage":"es"},{"@type":"Organization","@id":"https:\/\/mab.org.br\/es\/#organization","name":"Movimento dos Atingidos por Barragens","alternateName":"MAB","url":"https:\/\/mab.org.br\/es\/","logo":{"@type":"ImageObject","inLanguage":"es","@id":"https:\/\/mab.org.br\/es\/#\/schema\/logo\/image\/","url":"https:\/\/mab.org.br\/wp-content\/uploads\/2020\/06\/cropped-mabredonda.png","contentUrl":"https:\/\/mab.org.br\/wp-content\/uploads\/2020\/06\/cropped-mabredonda.png","width":512,"height":512,"caption":"Movimento dos Atingidos por Barragens"},"image":{"@id":"https:\/\/mab.org.br\/es\/#\/schema\/logo\/image\/"}}]}},"_links":{"self":[{"href":"https:\/\/mab.org.br\/es\/wp-json\/wp\/v2\/pages\/47704","targetHints":{"allow":["GET"]}}],"collection":[{"href":"https:\/\/mab.org.br\/es\/wp-json\/wp\/v2\/pages"}],"about":[{"href":"https:\/\/mab.org.br\/es\/wp-json\/wp\/v2\/types\/page"}],"author":[{"embeddable":true,"href":"https:\/\/mab.org.br\/es\/wp-json\/wp\/v2\/users\/1"}],"replies":[{"embeddable":true,"href":"https:\/\/mab.org.br\/es\/wp-json\/wp\/v2\/comments?post=47704"}],"version-history":[{"count":3,"href":"https:\/\/mab.org.br\/es\/wp-json\/wp\/v2\/pages\/47704\/revisions"}],"predecessor-version":[{"id":47729,"href":"https:\/\/mab.org.br\/es\/wp-json\/wp\/v2\/pages\/47704\/revisions\/47729"}],"wp:attachment":[{"href":"https:\/\/mab.org.br\/es\/wp-json\/wp\/v2\/media?parent=47704"}],"curies":[{"name":"wp","href":"https:\/\/api.w.org\/{rel}","templated":true}]}}