{"id":47674,"date":"2021-04-28T17:10:05","date_gmt":"2021-04-28T17:10:05","guid":{"rendered":"https:\/\/mab.org.br\/women\/"},"modified":"2024-01-29T17:17:00","modified_gmt":"2024-01-29T17:17:00","slug":"women","status":"publish","type":"page","link":"https:\/\/mab.org.br\/en\/women\/","title":{"rendered":"Women"},"content":{"rendered":"\n<div style=\"height:20px\" aria-hidden=\"true\" class=\"wp-block-spacer\"><\/div>\n\n<h1 class=\"destaque-titulo wp-block-heading\">WOMEN HIT BY DAMS<\/h1>\n\n<div class=\"wp-block-group\"><div class=\"wp-block-group__inner-container is-layout-flow wp-block-group-is-layout-flow\">\n<div class=\"wp-block-columns is-layout-flex wp-container-core-columns-is-layout-9d6595d7 wp-block-columns-is-layout-flex\">\n<div class=\"wp-block-column is-vertically-aligned-center is-layout-flow wp-block-column-is-layout-flow\" style=\"flex-basis:50%\">\n<figure class=\"wp-block-video alignwide\"><video autoplay=\"\" controls=\"\" loop=\"\" muted=\"\" poster=\"https:\/\/mab.org.br\/wp-content\/uploads\/2021\/10\/mab_005_01_X1_0002-scaled.jpg\" src=\"https:\/\/mab.org.br\/wp-content\/uploads\/2021\/10\/WhatsApp-Video-2021-10-27-at-09.12.16-3.mp4\"><\/video><\/figure>\n\n\n<p><\/p>\n<\/div>\n\n\n\n<div class=\"wp-block-column is-layout-flow wp-block-column-is-layout-flow\" style=\"flex-basis:33.6%\">\n<figure class=\"wp-block-image size-large is-resized\"><img loading=\"lazy\" decoding=\"async\" src=\"https:\/\/mab.org.br\/wp-content\/uploads\/2021\/10\/aguja-hilo.jpg\" alt=\"\" class=\"wp-image-25336\" width=\"300\" height=\"185\" srcset=\"https:\/\/mab.org.br\/wp-content\/uploads\/2021\/10\/aguja-hilo.jpg 600w, https:\/\/mab.org.br\/wp-content\/uploads\/2021\/10\/aguja-hilo-300x185.jpg 300w, https:\/\/mab.org.br\/wp-content\/uploads\/2021\/10\/aguja-hilo-205x126.jpg 205w\" sizes=\"auto, (max-width: 300px) 100vw, 300px\" \/><\/figure>\n\n\n<h2 class=\"has-text-align-center wp-block-heading\">Arpilleras Exhibition: Reached in defense of life<\/h2>\n\n\n\n<p>This arpilleras exhibition brings a selection of textile pieces about the struggle of affected women in defense of life, a small sample from our Arpilleras Digital Collection. <\/p>\n\n\n\n<p>Composed of almost 300 arpilleras, the Digital Collection is the result of long work and collective production by women affected by dams. <\/p>\n\n\n\n<p>In the form of art and embroidery, they are life stories, denouncing rights violations and building struggles.<\/p>\n\n\n\n<div class=\"wp-block-buttons is-content-justification-center is-layout-flex wp-container-core-buttons-is-layout-16018d1d wp-block-buttons-is-layout-flex\">\n<div class=\"wp-block-button is-style-fill\"><a class=\"wp-block-button__link has-background has-custom-font-size wp-element-button\" href=\"https:\/\/mab.org.br\/repositorio\" style=\"border-radius:100px;background-color:#59006b;font-size:16px\" target=\"_blank\" rel=\"noreferrer noopener\">CONHE\u00c7A O ACERVO VIRTUAL DAS ARPILLERAS<\/a><\/div>\n<\/div>\n\n\n\n<p><\/p>\n<\/div>\n<\/div>\n<\/div><\/div>\n\n<div style=\"height:50px\" aria-hidden=\"true\" class=\"wp-block-spacer div-space\"><\/div>\n\n<hr class=\"wp-block-separator has-text-color has-background is-style-wide\" style=\"background-color:#59006b;color:#59006b\"\/>\n\n<div style=\"height:50px\" aria-hidden=\"true\" class=\"wp-block-spacer div-space\"><\/div>\n\n<div class=\"wp-block-columns is-layout-flex wp-container-core-columns-is-layout-9d6595d7 wp-block-columns-is-layout-flex\">\n<div class=\"wp-block-column is-layout-flow wp-block-column-is-layout-flow\" style=\"flex-basis:40%\"><\/div>\n\n\n\n<div class=\"wp-block-column is-layout-flow wp-block-column-is-layout-flow\" style=\"flex-basis:60%\">\n<h3 class=\"has-text-color has-text-align-left wp-block-heading\" style=\"color:#59006b\">EMBROIDERING OUR RIGHTS<\/h3>\n<\/div>\n<\/div>\n\n<div class=\"wp-block-columns is-layout-flex wp-container-core-columns-is-layout-9d6595d7 wp-block-columns-is-layout-flex\">\n<div class=\"wp-block-column is-layout-flow wp-block-column-is-layout-flow\" style=\"flex-basis:40%\">\n<figure class=\"wp-block-video\"><video autoplay=\"\" controls=\"\" loop=\"\" poster=\"https:\/\/mab.org.br\/wp-content\/uploads\/2021\/10\/direitos-scaled.jpg\" src=\"https:\/\/mab.org.br\/wp-content\/uploads\/2021\/10\/mab_002_01-2.mp4\"><\/video><\/figure>\n\n\n<p><\/p>\n<\/div>\n\n\n\n<div class=\"wp-block-column is-layout-flow wp-block-column-is-layout-flow\" style=\"flex-basis:60%\">\n<p>Populations affected by dams suffer serious human rights violations. We, women, are impacted in a particularly serious way and face greater difficulties in rebuilding our means and ways of life. Our needs are not considered. Through our arpilleras we record and report how we have experienced and faced this pattern of violations.<\/p>\n\n\n\n<div data-module=\"items-list\" class=\"wp-block-tainacan-items-list\"><ul style=\"grid-template-columns:repeat(auto-fill, 220px)\" class=\"items-list items-layout-grid\"><li class=\"item-list-item\" style=\"margin-bottom:12px\"><button type=\"button\" class=\"components-button has-icon\" aria-label=\"Remover\"><svg aria-hidden=\"true\" role=\"img\" focusable=\"false\" xmlns=\"http:\/\/www.w3.org\/2000\/svg\" width=\"20\" height=\"20\" viewbox=\"0 0 20 20\" class=\"dashicon dashicons-no-alt\"><path d=\"M14.95 6.46L11.41 10l3.54 3.54-1.41 1.41L10 11.42l-3.53 3.53-1.42-1.42L8.58 10 5.05 6.47l1.42-1.42L10 8.58l3.54-3.53z\"><\/path><\/svg><\/button><a id=\"item-id-24829\" href=\"https:\/\/mab.org.br\/arpilleras-do-mab\/nao-a-garabi-e-panambi\/\" target=\"_blank\" class=\" \" rel=\"noopener noreferrer\"><img decoding=\"async\" src=\"https:\/\/mab.org.br\/wp-content\/uploads\/tainacan-items\/23258\/24829\/12-275x275.png\" alt=\"No to Garabi and Panambi\"><span>No to Garabi and Panambi<\/span><\/a><\/li><li class=\"item-list-item\" style=\"margin-bottom:12px\"><button type=\"button\" class=\"components-button has-icon\" aria-label=\"Remover\"><svg aria-hidden=\"true\" role=\"img\" focusable=\"false\" xmlns=\"http:\/\/www.w3.org\/2000\/svg\" width=\"20\" height=\"20\" viewbox=\"0 0 20 20\" class=\"dashicon dashicons-no-alt\"><path d=\"M14.95 6.46L11.41 10l3.54 3.54-1.41 1.41L10 11.42l-3.53 3.53-1.42-1.42L8.58 10 5.05 6.47l1.42-1.42L10 8.58l3.54-3.53z\"><\/path><\/svg><\/button><a id=\"item-id-23325\" href=\"https:\/\/mab.org.br\/arpilleras-do-mab\/privatizacao-que-mata\/\" target=\"_blank\" class=\" \" rel=\"noopener noreferrer\"><img decoding=\"async\" src=\"https:\/\/mab.org.br\/wp-content\/uploads\/tainacan-items\/23258\/23325\/9-275x275.png\" alt=\"Privatization that kills\"><span>Privatization that kills<\/span><\/a><\/li><li class=\"item-list-item\" style=\"margin-bottom:12px\"><button type=\"button\" class=\"components-button has-icon\" aria-label=\"Remover\"><svg aria-hidden=\"true\" role=\"img\" focusable=\"false\" xmlns=\"http:\/\/www.w3.org\/2000\/svg\" width=\"20\" height=\"20\" viewbox=\"0 0 20 20\" class=\"dashicon dashicons-no-alt\"><path d=\"M14.95 6.46L11.41 10l3.54 3.54-1.41 1.41L10 11.42l-3.53 3.53-1.42-1.42L8.58 10 5.05 6.47l1.42-1.42L10 8.58l3.54-3.53z\"><\/path><\/svg><\/button><a id=\"item-id-23319\" href=\"https:\/\/mab.org.br\/arpilleras-do-mab\/o-antes-e-o-depois\/\" target=\"_blank\" class=\" \" rel=\"noopener noreferrer\"><img decoding=\"async\" src=\"https:\/\/mab.org.br\/wp-content\/uploads\/tainacan-items\/23258\/23319\/O-ANTES-E-O-DEPOIS-275x275.png\" alt=\"The before and the after\"><span>The before and the after<\/span><\/a><\/li><\/ul><\/div>\n\n\n\n<p><\/p>\n<\/div>\n<\/div>\n\n<div style=\"height:50px\" aria-hidden=\"true\" class=\"wp-block-spacer div-space\"><\/div>\n\n<div class=\"wp-block-columns is-layout-flex wp-container-core-columns-is-layout-9d6595d7 wp-block-columns-is-layout-flex\">\n<div class=\"wp-block-column is-layout-flow wp-block-column-is-layout-flow\" style=\"flex-basis:40%\"><\/div>\n\n\n\n<div class=\"wp-block-column is-layout-flow wp-block-column-is-layout-flow\" style=\"flex-basis:60%\">\n<h3 class=\"has-text-color has-text-align-left wp-block-heading\" style=\"color:#59006b\">WEAVING OUR ORGANIZATION<\/h3>\n<\/div>\n<\/div>\n\n<div class=\"wp-block-columns is-layout-flex wp-container-core-columns-is-layout-9d6595d7 wp-block-columns-is-layout-flex\">\n<div class=\"wp-block-column is-layout-flow wp-block-column-is-layout-flow\" style=\"flex-basis:40%\">\n<figure class=\"wp-block-video\"><video autoplay=\"\" controls=\"\" loop=\"\" poster=\"https:\/\/mab.org.br\/wp-content\/uploads\/2021\/10\/organiza&#xE7;&#xE3;o-scaled.jpg\" src=\"https:\/\/mab.org.br\/wp-content\/uploads\/2021\/10\/mab_003_01.mp4\"><\/video><\/figure>\n\n\n<p><\/p>\n<\/div>\n\n\n\n<div class=\"wp-block-column is-layout-flow wp-block-column-is-layout-flow\" style=\"flex-basis:60%\">\n<p>The Movement of People Affected by Dams has a long history of resistance, struggles and achievements. From the beginning, we women played an active and important role in this organization. In addition to being a reporting tool, Arpilleras are an invitation and a possibility to form women&#8217;s organizations.<\/p>\n\n\n\n<div data-module=\"items-list\" class=\"wp-block-tainacan-items-list\"><ul style=\"grid-template-columns:repeat(auto-fill, 220px)\" class=\"items-list items-layout-grid\"><li class=\"item-list-item\" style=\"margin-bottom:12px\"><button type=\"button\" class=\"components-button has-icon\" aria-label=\"Remover\"><svg aria-hidden=\"true\" role=\"img\" focusable=\"false\" xmlns=\"http:\/\/www.w3.org\/2000\/svg\" width=\"20\" height=\"20\" viewbox=\"0 0 20 20\" class=\"dashicon dashicons-no-alt\"><path d=\"M14.95 6.46L11.41 10l3.54 3.54-1.41 1.41L10 11.42l-3.53 3.53-1.42-1.42L8.58 10 5.05 6.47l1.42-1.42L10 8.58l3.54-3.53z\"><\/path><\/svg><\/button><a id=\"item-id-25045\" href=\"https:\/\/mab.org.br\/arpilleras-do-mab\/mulher-agua-e-energia-nao-sao-mercadorias\/\" target=\"_blank\" class=\" \" rel=\"noopener noreferrer\"><img decoding=\"async\" src=\"https:\/\/mab.org.br\/wp-content\/uploads\/tainacan-items\/23258\/25045\/1-1-275x275.png\" alt=\"Women, water and energy are not commodities!\"><span>Women, water and energy are not commodities!<\/span><\/a><\/li><li class=\"item-list-item\" style=\"margin-bottom:12px\"><button type=\"button\" class=\"components-button has-icon\" aria-label=\"Remover\"><svg aria-hidden=\"true\" role=\"img\" focusable=\"false\" xmlns=\"http:\/\/www.w3.org\/2000\/svg\" width=\"20\" height=\"20\" viewbox=\"0 0 20 20\" class=\"dashicon dashicons-no-alt\"><path d=\"M14.95 6.46L11.41 10l3.54 3.54-1.41 1.41L10 11.42l-3.53 3.53-1.42-1.42L8.58 10 5.05 6.47l1.42-1.42L10 8.58l3.54-3.53z\"><\/path><\/svg><\/button><a id=\"item-id-24604\" href=\"https:\/\/mab.org.br\/arpilleras-do-mab\/mulheres-atingidas-em-defesa-da-vida\/\" target=\"_blank\" class=\" \" rel=\"noopener noreferrer\"><img decoding=\"async\" src=\"https:\/\/mab.org.br\/wp-content\/uploads\/tainacan-items\/23258\/24604\/1-275x275.png\" alt=\"Women Affected in Defense of Life\"><span>Women Affected in Defense of Life<\/span><\/a><\/li><li class=\"item-list-item\" style=\"margin-bottom:12px\"><button type=\"button\" class=\"components-button has-icon\" aria-label=\"Remover\"><svg aria-hidden=\"true\" role=\"img\" focusable=\"false\" xmlns=\"http:\/\/www.w3.org\/2000\/svg\" width=\"20\" height=\"20\" viewbox=\"0 0 20 20\" class=\"dashicon dashicons-no-alt\"><path d=\"M14.95 6.46L11.41 10l3.54 3.54-1.41 1.41L10 11.42l-3.53 3.53-1.42-1.42L8.58 10 5.05 6.47l1.42-1.42L10 8.58l3.54-3.53z\"><\/path><\/svg><\/button><a id=\"item-id-24274\" href=\"https:\/\/mab.org.br\/arpilleras-do-mab\/mulheres-agua-e-energia-nao-sao-mercadoria\/\" target=\"_blank\" class=\" \" rel=\"noopener noreferrer\"><img decoding=\"async\" src=\"https:\/\/mab.org.br\/wp-content\/uploads\/tainacan-items\/23258\/24274\/Mulheres-%C3%A1gua-e-energia-n%C3%A3o-s%C3%A3o-mercadoria-275x275.png\" alt=\"Women, water and energy are not commodities!\"><span>Women, water and energy are not commodities!<\/span><\/a><\/li><\/ul><\/div>\n\n\n\n<p><\/p>\n<\/div>\n<\/div>\n\n<div style=\"height:50px\" aria-hidden=\"true\" class=\"wp-block-spacer div-space\"><\/div>\n\n<div class=\"wp-block-columns is-layout-flex wp-container-core-columns-is-layout-9d6595d7 wp-block-columns-is-layout-flex\">\n<div class=\"wp-block-column is-layout-flow wp-block-column-is-layout-flow\" style=\"flex-basis:40%\"><\/div>\n\n\n\n<div class=\"wp-block-column is-layout-flow wp-block-column-is-layout-flow\" style=\"flex-basis:60%\">\n<h3 class=\"has-text-color has-text-align-left wp-block-heading\" style=\"color:#59006b\">SEWING THE POPULAR DESIGN<\/h3>\n<\/div>\n<\/div>\n\n<div class=\"wp-block-columns is-layout-flex wp-container-core-columns-is-layout-9d6595d7 wp-block-columns-is-layout-flex\">\n<div class=\"wp-block-column is-layout-flow wp-block-column-is-layout-flow\" style=\"flex-basis:40%\">\n<figure class=\"wp-block-video\"><video autoplay=\"\" controls=\"\" loop=\"\" poster=\"https:\/\/mab.org.br\/wp-content\/uploads\/2021\/10\/projeto-scaled.jpg\" src=\"https:\/\/mab.org.br\/wp-content\/uploads\/2021\/10\/mab_004_01.mp4\"><\/video><\/figure><\/div>\n\n\n\n<div class=\"wp-block-column is-layout-flow wp-block-column-is-layout-flow\" style=\"flex-basis:60%\">\n<p>At MAB, together with the movements that make up the Plataforma Oper\u00e1ria da \u00c1gua e da Energia, an articulation formed with organizations of workers in the areas of energy, education and youth, we have been focusing on the proposal for an energy project that puts energy at the service of the Brazilian people, with sovereignty, distribution of wealth and popular control.<\/p>\n\n\n\n<div data-module=\"items-list\" class=\"wp-block-tainacan-items-list\"><ul style=\"grid-template-columns:repeat(auto-fill, 220px)\" class=\"items-list items-layout-grid\"><li class=\"item-list-item\" style=\"margin-bottom:12px\"><button type=\"button\" class=\"components-button has-icon\" aria-label=\"Remover\"><svg aria-hidden=\"true\" role=\"img\" focusable=\"false\" xmlns=\"http:\/\/www.w3.org\/2000\/svg\" width=\"20\" height=\"20\" viewbox=\"0 0 20 20\" class=\"dashicon dashicons-no-alt\"><path d=\"M14.95 6.46L11.41 10l3.54 3.54-1.41 1.41L10 11.42l-3.53 3.53-1.42-1.42L8.58 10 5.05 6.47l1.42-1.42L10 8.58l3.54-3.53z\"><\/path><\/svg><\/button><a id=\"item-id-23323\" href=\"https:\/\/mab.org.br\/arpilleras-do-mab\/poder-popular\/\" target=\"_blank\" class=\" \" rel=\"noopener noreferrer\"><img decoding=\"async\" src=\"https:\/\/mab.org.br\/wp-content\/uploads\/tainacan-items\/23258\/23323\/4-275x275.png\" alt=\"People Power\"><span>People Power<\/span><\/a><\/li><li class=\"item-list-item\" style=\"margin-bottom:12px\"><button type=\"button\" class=\"components-button has-icon\" aria-label=\"Remover\"><svg aria-hidden=\"true\" role=\"img\" focusable=\"false\" xmlns=\"http:\/\/www.w3.org\/2000\/svg\" width=\"20\" height=\"20\" viewbox=\"0 0 20 20\" class=\"dashicon dashicons-no-alt\"><path d=\"M14.95 6.46L11.41 10l3.54 3.54-1.41 1.41L10 11.42l-3.53 3.53-1.42-1.42L8.58 10 5.05 6.47l1.42-1.42L10 8.58l3.54-3.53z\"><\/path><\/svg><\/button><a id=\"item-id-23317\" href=\"https:\/\/mab.org.br\/arpilleras-do-mab\/defender-a-amazonia-e-defender-a-vida\/\" target=\"_blank\" class=\" \" rel=\"noopener noreferrer\"><img decoding=\"async\" src=\"https:\/\/mab.org.br\/wp-content\/uploads\/tainacan-items\/23258\/23317\/IMG_3944-275x275.jpg\" alt=\"Defending the Amazon is defending life\"><span>Defending the Amazon is defending life<\/span><\/a><\/li><li class=\"item-list-item\" style=\"margin-bottom:12px\"><button type=\"button\" class=\"components-button has-icon\" aria-label=\"Remover\"><svg aria-hidden=\"true\" role=\"img\" focusable=\"false\" xmlns=\"http:\/\/www.w3.org\/2000\/svg\" width=\"20\" height=\"20\" viewbox=\"0 0 20 20\" class=\"dashicon dashicons-no-alt\"><path d=\"M14.95 6.46L11.41 10l3.54 3.54-1.41 1.41L10 11.42l-3.53 3.53-1.42-1.42L8.58 10 5.05 6.47l1.42-1.42L10 8.58l3.54-3.53z\"><\/path><\/svg><\/button><a id=\"item-id-23311\" href=\"https:\/\/mab.org.br\/arpilleras-do-mab\/a-energia-e-nossa-2\/\" target=\"_blank\" class=\" \" rel=\"noopener noreferrer\"><img decoding=\"async\" src=\"https:\/\/mab.org.br\/wp-content\/uploads\/2021\/10\/cropped-A-Energia-%C3%A9-nossa-275x275.jpeg\" alt=\"The energy is ours\"><span>The energy is ours<\/span><\/a><\/li><\/ul><\/div>\n\n\n\n<p><\/p>\n<\/div>\n<\/div>\n\n<div class=\"wp-block-group is-layout-flow wp-block-group-is-layout-flow\"><div class=\"wp-block-group__inner-container\"><\/div><\/div>\n\n<div class=\"wp-block-buttons aligncenter is-layout-flex wp-block-buttons-is-layout-flex\">\n<div class=\"wp-block-button\"><a class=\"wp-block-button__link has-background\" href=\"https:\/\/mab.org.br\/repositorio\/\" style=\"background-color:#59006b;border-radius:25px\">DISCOVER MAB\u2019S DIGITAL COLLECTION<\/a><\/div>\n<\/div>\n\n<hr class=\"wp-block-separator has-text-color has-background is-style-wide\" style=\"background-color:#59006b;color:#59006b\"\/>\n<div id=\"pl-gb47674-69f1c927476fb\"  class=\"panel-layout\" ><div id=\"pg-gb47674-69f1c927476fb-0\"  class=\"panel-grid panel-has-style\" ><div id=\"pagina-mulheres\" class=\"panel-row-style panel-row-style-for-gb47674-69f1c927476fb-0\" ><div id=\"pgc-gb47674-69f1c927476fb-0-0\"  class=\"panel-grid-cell\" ><div id=\"panel-gb47674-69f1c927476fb-0-0-0\" class=\"so-panel widget widget_siteorigin-panels-builder panel-first-child panel-last-child\" data-index=\"0\" ><div id=\"pl-w617d2794ad626\"  class=\"panel-layout\" ><div id=\"pg-w617d2794ad626-0\"  class=\"panel-grid panel-no-style\" ><div id=\"pgc-w617d2794ad626-0-0\"  class=\"panel-grid-cell\" ><div id=\"panel-w617d2794ad626-0-0-0\" class=\"so-panel widget widget_header-destacado panel-first-child panel-last-child\" data-index=\"0\" ><div class=\"mulheres panel-widget-style panel-widget-style-for-w617d2794ad626-0-0-0\" ><div\n\t\t\t\n\t\t\tclass=\"so-widget-header-destacado so-widget-header-destacado-style-d75171398898\"\n\t\t\t\n\t\t><div class=\"header-destacado fullwidth\">\n    <section class=\"header-destacado--image\" style=\"background-image: url('')\">\n        <div class=\"row\">\n            <div class=\"column large-12\">\n                <div class=\"content\">\n                    <div class=\"text\">\n                        MULHERES E ARPILLERAS                    <\/div>\n                <\/div>\n            <\/div>\n        <\/div>\n        \n    <\/section>\n    <div class=\"row credit\">\n        <div class=\"column\">\n                    <\/div>  \n    <\/div>\n<\/div><\/div><\/div><\/div><\/div><\/div><div id=\"pg-w617d2794ad626-1\"  class=\"panel-grid panel-has-style\" ><div class=\"panel-row-style panel-row-style-for-w617d2794ad626-1\" ><div id=\"pgc-w617d2794ad626-1-0\"  class=\"panel-grid-cell\" ><div id=\"panel-w617d2794ad626-1-0-0\" class=\"so-panel widget widget_sow-editor panel-first-child panel-last-child\" data-index=\"1\" ><div\n\t\t\t\n\t\t\tclass=\"so-widget-sow-editor so-widget-sow-editor-base\"\n\t\t\t\n\t\t><h3 class=\"widget-title\">SOBRE AS MULHERES ATINGIDAS POR BARRAGENS<\/h3>\n<div class=\"siteorigin-widget-tinymce textwidget\">\n\t<p>A experi\u00eancia da realidade, e diversos estudos, provam que as mulheres, historicamente, s\u00e3o as grandes v\u00edtimas dentro da reprodu\u00e7\u00e3o do modelo capitalista, patriarcal e machista, no qual estamos inseridos. Em nosso caso espec\u00edfico, de mulheres atingidas por barragens, temos um agravante, al\u00e9m de sofrer com as desigualdades de classe e nas rela\u00e7\u00f5es de g\u00eanero, precisamos tamb\u00e9m enfrentar as viola\u00e7\u00f5es de direitos causadas pelas constru\u00e7\u00f5es de barragens. Essas viola\u00e7\u00f5es foram confirmadas no relat\u00f3rio final do Conselho Nacional de Direitos Humanos, \u00e0 \u00e9poca Conselho de Defesa e Direitos da Pessoa Humana (CDDPH), em dezembro 2010, o qual destaca: \u201cas mulheres s\u00e3o atingidas de forma particularmente grave e encontram maiores obst\u00e1culos para a recomposi\u00e7\u00e3o de seus meios e modos de vida; [&#8230;] elas, n\u00e3o tem, via de regra, sido consideradas em suas especificidades e dificuldades particulares\u201d.<\/p>\n<p>Desde o in\u00edcio, as mulheres tiveram um papel ativo e importante na constru\u00e7\u00e3o do MAB em todas as regi\u00f5es do Brasil, seja nas tarefas de liderar as lutas, seja nas tarefas organizativas na comunidade que fortaleciam o movimento garantindo a organicidade das atividades. Cada regi\u00e3o traz suas particularidades, o importante \u00e9 evidenciar que as mulheres atingidas sempre estiveram em busca de seus direitos. Com base nisso, a organiza\u00e7\u00e3o foi amadurecendo a necessidade da participa\u00e7\u00e3o das mulheres nos espa\u00e7os de decis\u00e3o, construindo condi\u00e7\u00f5es para acelerar processos de protagonismo feminino dentro do movimento. Entre 2007 e 2010, foram realizados diversos encontros com as mulheres de diferentes regi\u00f5es com o objetivo de fomentar a participa\u00e7\u00e3o e construir coletivamente um entendimento de como as barragens afetam a vida das mulheres. Com isso, sistematizamos as viola\u00e7\u00f5es aos direitos das mulheres atingidas, nos seguintes eixos: Mundo do trabalho, Participa\u00e7\u00e3o pol\u00edtica, Rela\u00e7\u00e3o com as empresas, Perdas dos la\u00e7os comunit\u00e1rios, Direitos sexuais e reprodutivos, Acesso a pol\u00edticas p\u00fablicas.<\/p>\n<p>&nbsp;<\/p>\n<p>&nbsp;<\/p>\n<\/div>\n<\/div><\/div><\/div><div id=\"pgc-w617d2794ad626-1-1\"  class=\"panel-grid-cell\" ><div class=\"panel-cell-style panel-cell-style-for-w617d2794ad626-1-1\" ><div id=\"panel-w617d2794ad626-1-1-0\" class=\"so-panel widget widget_text panel-first-child panel-last-child\" data-index=\"2\" ><div class=\"txt-arpilleras panel-widget-style panel-widget-style-for-w617d2794ad626-1-1-0\" ><h3 class=\"widget-title\">CONHE\u00c7A AS ARPILLERAS<\/h3>\t\t\t<div class=\"textwidget\"><p>As arpilleras fazem parte de uma t\u00e9cnica t\u00eaxtil popular chilena, que incorpora elementos tridimensionais e retalhos de tecido aplicados sobre o suporte de juta, que, em espanhol \u00e9 \u201carpillera\u201d, da\u00ed o nome. Nos anos sombrios da repress\u00e3o militar chilena, as arpilleras floriram os p\u00e1tios, interiores das casas e igrejas da periferia de Santiago como forma de den\u00fancia da viol\u00eancia estabelecida. Com tem\u00e1ticas que inclu\u00edam desde afazeres do cotidiano at\u00e9 gritos de luta e de luto, as pe\u00e7as ganharam o mundo &#8211; algumas continham, inclusive, fragmentos de roupas dos desaparecidos pol\u00edticos costurados.<\/p>\n<p>\u00c9 com esse sentido pol\u00edtico que mulheres atingidas por barragens no Brasil, por meio do contato com as mulheres organizadas no MAB, resgatam a t\u00e9cnica, visando, de forma art\u00edstica, denunciar viola\u00e7\u00f5es ambientais, sociais, econ\u00f4micas e culturais que as atingem em consequ\u00eancia do modelo energ\u00e9tico adotado no nosso pa\u00eds. Desde 2013, foram realizadas oficinas auto-organizadas onde s\u00e3o costurados coletivamente os testemunhos da realidade de mulheres atingidas em 19 estados. Para n\u00f3s, do MAB, as arpilleras, al\u00e9m de uma ferramenta de den\u00fancia, s\u00e3o um convite e uma possibilidade de tecer a organiza\u00e7\u00e3o das mulheres. \u00c9 assim que as pe\u00e7as s\u00e3o costuradas, em cada ponto o anseio de que outro mundo \u00e9 necess\u00e1rio e poss\u00edvel de ser tecido coletivamente.<\/p>\n<p><strong><a href=\"https:\/\/mab.org.br\/repositorio\/?view_mode=masonry&amp;perpage=12&amp;paged=1&amp;order=DESC&amp;orderby=date&amp;fetch_only=thumbnail%2Ccreation_date%2Ctitle%2Cdescription&amp;fetch_only_meta=\">SABER MAIS SOBRE ARPILLERAS<\/a><\/strong><\/p>\n<p><img loading=\"lazy\" decoding=\"async\" class=\"wp-image-21789 aligncenter\" src=\"https:\/\/mab.org.br\/wp-content\/uploads\/2021\/08\/657_Sao-Paulo-launch-M\u00edstica-Abertura-DSC-LR-300x199.jpg\" alt=\"\" width=\"444\" height=\"294\" srcset=\"https:\/\/mab.org.br\/wp-content\/uploads\/2021\/08\/657_Sao-Paulo-launch-M\u00edstica-Abertura-DSC-LR-300x199.jpg 300w, https:\/\/mab.org.br\/wp-content\/uploads\/2021\/08\/657_Sao-Paulo-launch-M\u00edstica-Abertura-DSC-LR-768x508.jpg 768w, https:\/\/mab.org.br\/wp-content\/uploads\/2021\/08\/657_Sao-Paulo-launch-M\u00edstica-Abertura-DSC-LR.jpg 1000w\" sizes=\"auto, (max-width: 444px) 100vw, 444px\" \/><\/p>\n<\/div>\n\t\t<\/div><\/div><\/div><\/div><\/div><\/div><div id=\"pg-w617d2794ad626-2\"  class=\"panel-grid panel-has-style\" ><div class=\"video-destacado siteorigin-panels-stretch panel-row-style panel-row-style-for-w617d2794ad626-2\" data-stretch-type=\"full\" ><div id=\"pgc-w617d2794ad626-2-0\"  class=\"panel-grid-cell\" ><div id=\"panel-w617d2794ad626-2-0-0\" class=\"so-panel widget widget_media_video panel-first-child panel-last-child\" data-index=\"3\" ><div style=\"width:100%;\" class=\"wp-video\"><!--[if lt IE 9]><script>document.createElement('video');<\/script><![endif]-->\n<video class=\"wp-video-shortcode\" id=\"video-47674-1\" preload=\"metadata\" controls=\"controls\"><source type=\"video\/youtube\" src=\"https:\/\/youtu.be\/PEu-AATb3TU?_=1\" \/><a href=\"https:\/\/youtu.be\/PEu-AATb3TU\">https:\/\/youtu.be\/PEu-AATb3TU<\/a><\/video><\/div><\/div><\/div><div id=\"pgc-w617d2794ad626-2-1\"  class=\"panel-grid-cell\" ><div id=\"panel-w617d2794ad626-2-1-0\" class=\"so-panel widget widget_sow-editor panel-first-child\" data-index=\"4\" ><div class=\"panel-widget-style panel-widget-style-for-w617d2794ad626-2-1-0\" ><div\n\t\t\t\n\t\t\tclass=\"so-widget-sow-editor so-widget-sow-editor-base\"\n\t\t\t\n\t\t><h3 class=\"widget-title\">O filme \u201cArpilleras&#8221;<\/h3>\n<div class=\"siteorigin-widget-tinymce textwidget\">\n\t<p>O Filme conta a hist\u00f3ria de dez mulheres atingidas por barragens das cinco regi\u00f5es do Brasil que, por meio de uma t\u00e9cnica de bordado surgida no Chile durante a ditadura militar, costuraram seus relatos de dor, luta e supera\u00e7\u00e3o frente \u00e0s viola\u00e7\u00f5es sofridas em suas vidas cotidianas. A costura, que sempre foi vista como tarefa do lar, transformou-se numa ferramenta poderosa de resist\u00eancia, de den\u00fancia e empoderamento feminino. Por meio desse \u201cfio\u201d condutor, cada mulher bordou sua hist\u00f3ria, singular e coletiva, na respectiva regi\u00e3o do mapa do Brasil.<\/p>\n<\/div>\n<\/div><\/div><\/div><div id=\"panel-w617d2794ad626-2-1-1\" class=\"so-panel widget widget_sow-button panel-last-child\" data-index=\"5\" ><div\n\t\t\t\n\t\t\tclass=\"so-widget-sow-button so-widget-sow-button-atom-068944f88564\"\n\t\t\t\n\t\t><div class=\"ow-button-base ow-button-align-center\"\n>\n\t\t\t<a\n\t\t\t\t\thref=\"https:\/\/mab.org.br\/wp-content\/uploads\/2021\/10\/Carta_Arpilleras.pdf\"\n\t\t\t\t\tclass=\"sowb-button ow-icon-placement-left ow-button-hover\" \t>\n\t\t<span>\n\t\t\t\n\t\t\tACESSE A CARTA\t\t<\/span>\n\t\t\t<\/a>\n\t<\/div>\n<\/div><\/div><\/div><\/div><\/div><\/div><\/div><\/div><\/div><\/div><\/div>\n<div style=\"height:23px\" aria-hidden=\"true\" class=\"wp-block-spacer\"><\/div>\n<div id=\"pl-gb47674-69f1c9274e16b\"  class=\"panel-layout\" ><div id=\"pg-gb47674-69f1c9274e16b-0\"  class=\"panel-grid panel-no-style\" ><div id=\"pgc-gb47674-69f1c9274e16b-0-0\"  class=\"panel-grid-cell\" ><div id=\"panel-gb47674-69f1c9274e16b-0-0-0\" class=\"so-panel widget widget_title-button panel-first-child\" data-index=\"0\" ><div class=\"titulo-sessao-mulheres panel-widget-style panel-widget-style-for-gb47674-69f1c9274e16b-0-0-0\" ><div\n\t\t\t\n\t\t\tclass=\"so-widget-title-button so-widget-title-button-style-d75171398898-47674\"\n\t\t\t\n\t\t><h2 class=\"section-title title-default\">\t\t<i class=\"section-title--icon\"><\/i>\n\t\t<span class=\"section-title--title\">\n\t\tNEWS\t<\/span>\n\t\t\t\t\t<\/h2><\/div><\/div><\/div><div id=\"panel-gb47674-69f1c9274e16b-0-0-1\" class=\"so-panel widget widget_posts-list panel-last-child\" data-index=\"1\" ><div\n\t\t\t\n\t\t\tclass=\"so-widget-posts-list so-widget-posts-list-style-d75171398898-47674\"\n\t\t\t\n\t\t><div class=\"posts-list list\">\n        <div class=\"row\">\n            <\/div> \n    <\/div>\n<\/div><\/div><\/div><div id=\"pgc-gb47674-69f1c9274e16b-0-1\"  class=\"panel-grid-cell\" ><div id=\"panel-gb47674-69f1c9274e16b-0-1-0\" class=\"so-panel widget widget_sow-image panel-first-child\" data-index=\"2\" ><div class=\"panel-widget-style panel-widget-style-for-gb47674-69f1c9274e16b-0-1-0\" ><div\n\t\t\t\n\t\t\tclass=\"so-widget-sow-image so-widget-sow-image-default-c67d20f9f743-47674\"\n\t\t\t\n\t\t>\n<div class=\"sow-image-container\">\n\t\t<img \n\tsrc=\"https:\/\/mab.org.br\/wp-content\/uploads\/2021\/03\/mab_feminista_vetor-150.png\" width=\"146\" height=\"150\" sizes=\"(max-width: 146px) 100vw, 146px\" alt=\"\" \t\tclass=\"so-widget-image\"\/>\n\t<\/div>\n\n<\/div><\/div><\/div><div id=\"panel-gb47674-69f1c9274e16b-0-1-1\" class=\"so-panel widget widget_newsletter panel-last-child\" data-index=\"3\" ><div class=\"panel-widget-style panel-widget-style-for-gb47674-69f1c9274e16b-0-1-1\" ><div\n\t\t\t\n\t\t\tclass=\"so-widget-newsletter so-widget-newsletter-style-d75171398898-47674\"\n\t\t\t\n\t\t><div class=\"newsletter\">\n\n    <div class=\"large-12 footer-newsletter\">\n        <div class=\"newsletter-header\">\n            <div class=\"title\">Newsletter<\/div>\n            <div class=\"subtitle\">\n                Assine e receba novidades por email!            <\/div>\n            \n        <\/div>\n\n        <div class=\"form-wrapper\">\n            \n<div class=\"wpcf7 no-js\" id=\"wpcf7-f47832-o1\" lang=\"en-US\" dir=\"ltr\" data-wpcf7-id=\"47832\">\n<div class=\"screen-reader-response\"><p role=\"status\" aria-live=\"polite\" aria-atomic=\"true\"><\/p> <ul><\/ul><\/div>\n<form action=\"\/en\/wp-json\/wp\/v2\/pages\/47674#wpcf7-f47832-o1\" method=\"post\" class=\"wpcf7-form init\" aria-label=\"Contact form\" novalidate=\"novalidate\" data-status=\"init\">\n<div style=\"display: none;\">\n<input type=\"hidden\" name=\"_wpcf7\" value=\"47832\" \/>\n<input type=\"hidden\" name=\"_wpcf7_version\" value=\"6.0.6\" \/>\n<input type=\"hidden\" name=\"_wpcf7_locale\" value=\"en_US\" \/>\n<input type=\"hidden\" name=\"_wpcf7_unit_tag\" value=\"wpcf7-f47832-o1\" \/>\n<input type=\"hidden\" name=\"_wpcf7_container_post\" value=\"0\" \/>\n<input type=\"hidden\" name=\"_wpcf7_posted_data_hash\" value=\"\" \/>\n<input type=\"hidden\" name=\"_wpcf7_recaptcha_response\" value=\"\" \/>\n<\/div>\n<p><span class=\"wpcf7-form-control-wrap\" data-name=\"your-name\"><input size=\"40\" maxlength=\"400\" class=\"wpcf7-form-control wpcf7-text wpcf7-validates-as-required\" aria-required=\"true\" aria-invalid=\"false\" placeholder=\"Your name\" value=\"\" type=\"text\" name=\"your-name\" \/><\/span><span class=\"wpcf7-form-control-wrap\" data-name=\"your-email\"><input size=\"40\" maxlength=\"400\" class=\"wpcf7-form-control wpcf7-email wpcf7-validates-as-required wpcf7-text wpcf7-validates-as-email\" aria-required=\"true\" aria-invalid=\"false\" placeholder=\"Your email\" value=\"\" type=\"email\" name=\"your-email\" \/><\/span><input class=\"wpcf7-form-control wpcf7-submit has-spinner\" type=\"submit\" value=\"Assinar\" \/>\n<\/p><div class=\"wpcf7-response-output\" aria-hidden=\"true\"><\/div>\n<\/form>\n<\/div>\n        <\/div>\n    \n    <\/div>\n<\/div><\/div><\/div><\/div><\/div><\/div><\/div>","protected":false},"excerpt":{"rendered":"<p>WOMEN HIT BY DAMS Arpilleras Exhibition: Reached in defense of life This arpilleras exhibition brings a selection of textile pieces about the struggle of affected women in defense of life, [&hellip;]<\/p>\n","protected":false},"author":1,"featured_media":0,"parent":0,"menu_order":0,"comment_status":"closed","ping_status":"closed","template":"template-grid-padding.php","meta":{"_acf_changed":false,"_monsterinsights_skip_tracking":false,"_monsterinsights_sitenote_active":false,"_monsterinsights_sitenote_note":"","_monsterinsights_sitenote_category":0,"footnotes":""},"class_list":["post-47674","page","type-page","status-publish","hentry"],"acf":[],"yoast_head":"<!-- This site is optimized with the Yoast SEO plugin v27.5 - https:\/\/yoast.com\/product\/yoast-seo-wordpress\/ -->\n<title>Women - MAB - Movimento dos Atingidos por Barragens<\/title>\n<meta name=\"robots\" content=\"index, follow, max-snippet:-1, max-image-preview:large, max-video-preview:-1\" \/>\n<link rel=\"canonical\" href=\"https:\/\/mab.org.br\/en\/women\/\" \/>\n<meta property=\"og:locale\" content=\"en_US\" \/>\n<meta property=\"og:type\" content=\"article\" \/>\n<meta property=\"og:title\" content=\"Women - MAB - Movimento dos Atingidos por Barragens\" \/>\n<meta property=\"og:description\" content=\"WOMEN HIT BY DAMS Arpilleras Exhibition: Reached in defense of life This arpilleras exhibition brings a selection of textile pieces about the struggle of affected women in defense of life, [&hellip;]\" \/>\n<meta property=\"og:url\" content=\"https:\/\/mab.org.br\/en\/women\/\" \/>\n<meta property=\"og:site_name\" content=\"MAB - Movimento dos Atingidos por Barragens\" \/>\n<meta property=\"article:modified_time\" content=\"2024-01-29T17:17:00+00:00\" \/>\n<meta property=\"og:image\" content=\"https:\/\/mab.org.br\/wp-content\/uploads\/2021\/10\/aguja-hilo.jpg\" \/>\n<meta name=\"twitter:card\" content=\"summary_large_image\" \/>\n<meta name=\"twitter:label1\" content=\"Est. reading time\" \/>\n\t<meta name=\"twitter:data1\" content=\"6 minutes\" \/>\n<script type=\"application\/ld+json\" class=\"yoast-schema-graph\">{\"@context\":\"https:\\\/\\\/schema.org\",\"@graph\":[{\"@type\":\"WebPage\",\"@id\":\"https:\\\/\\\/mab.org.br\\\/en\\\/women\\\/\",\"url\":\"https:\\\/\\\/mab.org.br\\\/en\\\/women\\\/\",\"name\":\"Women - MAB - Movimento dos Atingidos por Barragens\",\"isPartOf\":{\"@id\":\"https:\\\/\\\/mab.org.br\\\/en\\\/#website\"},\"primaryImageOfPage\":{\"@id\":\"https:\\\/\\\/mab.org.br\\\/en\\\/women\\\/#primaryimage\"},\"image\":{\"@id\":\"https:\\\/\\\/mab.org.br\\\/en\\\/women\\\/#primaryimage\"},\"thumbnailUrl\":\"https:\\\/\\\/mab.org.br\\\/wp-content\\\/uploads\\\/2021\\\/10\\\/aguja-hilo.jpg\",\"datePublished\":\"2021-04-28T17:10:05+00:00\",\"dateModified\":\"2024-01-29T17:17:00+00:00\",\"breadcrumb\":{\"@id\":\"https:\\\/\\\/mab.org.br\\\/en\\\/women\\\/#breadcrumb\"},\"inLanguage\":\"en-US\",\"potentialAction\":[{\"@type\":\"ReadAction\",\"target\":[\"https:\\\/\\\/mab.org.br\\\/en\\\/women\\\/\"]}]},{\"@type\":\"ImageObject\",\"inLanguage\":\"en-US\",\"@id\":\"https:\\\/\\\/mab.org.br\\\/en\\\/women\\\/#primaryimage\",\"url\":\"https:\\\/\\\/mab.org.br\\\/wp-content\\\/uploads\\\/2021\\\/10\\\/aguja-hilo.jpg\",\"contentUrl\":\"https:\\\/\\\/mab.org.br\\\/wp-content\\\/uploads\\\/2021\\\/10\\\/aguja-hilo.jpg\"},{\"@type\":\"BreadcrumbList\",\"@id\":\"https:\\\/\\\/mab.org.br\\\/en\\\/women\\\/#breadcrumb\",\"itemListElement\":[{\"@type\":\"ListItem\",\"position\":1,\"name\":\"In\u00edcio\",\"item\":\"https:\\\/\\\/mab.org.br\\\/en\\\/\"},{\"@type\":\"ListItem\",\"position\":2,\"name\":\"Women\"}]},{\"@type\":\"WebSite\",\"@id\":\"https:\\\/\\\/mab.org.br\\\/en\\\/#website\",\"url\":\"https:\\\/\\\/mab.org.br\\\/en\\\/\",\"name\":\"MAB - Movimento dos Atingidos por Barragens\",\"description\":\"The Movement of People Affected by Dams (MAB) is a popular Brazilian movement that emerged at the end of the 1970s with the aim of organizing those affected by the construction of dams to defend their rights.\",\"publisher\":{\"@id\":\"https:\\\/\\\/mab.org.br\\\/en\\\/#organization\"},\"alternateName\":\"MAB\",\"potentialAction\":[{\"@type\":\"SearchAction\",\"target\":{\"@type\":\"EntryPoint\",\"urlTemplate\":\"https:\\\/\\\/mab.org.br\\\/en\\\/?s={search_term_string}\"},\"query-input\":{\"@type\":\"PropertyValueSpecification\",\"valueRequired\":true,\"valueName\":\"search_term_string\"}}],\"inLanguage\":\"en-US\"},{\"@type\":\"Organization\",\"@id\":\"https:\\\/\\\/mab.org.br\\\/en\\\/#organization\",\"name\":\"Movimento dos Atingidos por Barragens\",\"alternateName\":\"MAB\",\"url\":\"https:\\\/\\\/mab.org.br\\\/en\\\/\",\"logo\":{\"@type\":\"ImageObject\",\"inLanguage\":\"en-US\",\"@id\":\"https:\\\/\\\/mab.org.br\\\/en\\\/#\\\/schema\\\/logo\\\/image\\\/\",\"url\":\"https:\\\/\\\/mab.org.br\\\/wp-content\\\/uploads\\\/2020\\\/06\\\/cropped-mabredonda.png\",\"contentUrl\":\"https:\\\/\\\/mab.org.br\\\/wp-content\\\/uploads\\\/2020\\\/06\\\/cropped-mabredonda.png\",\"width\":512,\"height\":512,\"caption\":\"Movimento dos Atingidos por Barragens\"},\"image\":{\"@id\":\"https:\\\/\\\/mab.org.br\\\/en\\\/#\\\/schema\\\/logo\\\/image\\\/\"}}]}<\/script>\n<!-- \/ Yoast SEO plugin. -->","yoast_head_json":{"title":"Women - MAB - Movimento dos Atingidos por Barragens","robots":{"index":"index","follow":"follow","max-snippet":"max-snippet:-1","max-image-preview":"max-image-preview:large","max-video-preview":"max-video-preview:-1"},"canonical":"https:\/\/mab.org.br\/en\/women\/","og_locale":"en_US","og_type":"article","og_title":"Women - MAB - Movimento dos Atingidos por Barragens","og_description":"WOMEN HIT BY DAMS Arpilleras Exhibition: Reached in defense of life This arpilleras exhibition brings a selection of textile pieces about the struggle of affected women in defense of life, [&hellip;]","og_url":"https:\/\/mab.org.br\/en\/women\/","og_site_name":"MAB - Movimento dos Atingidos por Barragens","article_modified_time":"2024-01-29T17:17:00+00:00","og_image":[{"url":"https:\/\/mab.org.br\/wp-content\/uploads\/2021\/10\/aguja-hilo.jpg","type":"","width":"","height":""}],"twitter_card":"summary_large_image","twitter_misc":{"Est. reading time":"6 minutes"},"schema":{"@context":"https:\/\/schema.org","@graph":[{"@type":"WebPage","@id":"https:\/\/mab.org.br\/en\/women\/","url":"https:\/\/mab.org.br\/en\/women\/","name":"Women - MAB - Movimento dos Atingidos por Barragens","isPartOf":{"@id":"https:\/\/mab.org.br\/en\/#website"},"primaryImageOfPage":{"@id":"https:\/\/mab.org.br\/en\/women\/#primaryimage"},"image":{"@id":"https:\/\/mab.org.br\/en\/women\/#primaryimage"},"thumbnailUrl":"https:\/\/mab.org.br\/wp-content\/uploads\/2021\/10\/aguja-hilo.jpg","datePublished":"2021-04-28T17:10:05+00:00","dateModified":"2024-01-29T17:17:00+00:00","breadcrumb":{"@id":"https:\/\/mab.org.br\/en\/women\/#breadcrumb"},"inLanguage":"en-US","potentialAction":[{"@type":"ReadAction","target":["https:\/\/mab.org.br\/en\/women\/"]}]},{"@type":"ImageObject","inLanguage":"en-US","@id":"https:\/\/mab.org.br\/en\/women\/#primaryimage","url":"https:\/\/mab.org.br\/wp-content\/uploads\/2021\/10\/aguja-hilo.jpg","contentUrl":"https:\/\/mab.org.br\/wp-content\/uploads\/2021\/10\/aguja-hilo.jpg"},{"@type":"BreadcrumbList","@id":"https:\/\/mab.org.br\/en\/women\/#breadcrumb","itemListElement":[{"@type":"ListItem","position":1,"name":"In\u00edcio","item":"https:\/\/mab.org.br\/en\/"},{"@type":"ListItem","position":2,"name":"Women"}]},{"@type":"WebSite","@id":"https:\/\/mab.org.br\/en\/#website","url":"https:\/\/mab.org.br\/en\/","name":"MAB - Movimento dos Atingidos por Barragens","description":"The Movement of People Affected by Dams (MAB) is a popular Brazilian movement that emerged at the end of the 1970s with the aim of organizing those affected by the construction of dams to defend their rights.","publisher":{"@id":"https:\/\/mab.org.br\/en\/#organization"},"alternateName":"MAB","potentialAction":[{"@type":"SearchAction","target":{"@type":"EntryPoint","urlTemplate":"https:\/\/mab.org.br\/en\/?s={search_term_string}"},"query-input":{"@type":"PropertyValueSpecification","valueRequired":true,"valueName":"search_term_string"}}],"inLanguage":"en-US"},{"@type":"Organization","@id":"https:\/\/mab.org.br\/en\/#organization","name":"Movimento dos Atingidos por Barragens","alternateName":"MAB","url":"https:\/\/mab.org.br\/en\/","logo":{"@type":"ImageObject","inLanguage":"en-US","@id":"https:\/\/mab.org.br\/en\/#\/schema\/logo\/image\/","url":"https:\/\/mab.org.br\/wp-content\/uploads\/2020\/06\/cropped-mabredonda.png","contentUrl":"https:\/\/mab.org.br\/wp-content\/uploads\/2020\/06\/cropped-mabredonda.png","width":512,"height":512,"caption":"Movimento dos Atingidos por Barragens"},"image":{"@id":"https:\/\/mab.org.br\/en\/#\/schema\/logo\/image\/"}}]}},"_links":{"self":[{"href":"https:\/\/mab.org.br\/en\/wp-json\/wp\/v2\/pages\/47674","targetHints":{"allow":["GET"]}}],"collection":[{"href":"https:\/\/mab.org.br\/en\/wp-json\/wp\/v2\/pages"}],"about":[{"href":"https:\/\/mab.org.br\/en\/wp-json\/wp\/v2\/types\/page"}],"author":[{"embeddable":true,"href":"https:\/\/mab.org.br\/en\/wp-json\/wp\/v2\/users\/1"}],"replies":[{"embeddable":true,"href":"https:\/\/mab.org.br\/en\/wp-json\/wp\/v2\/comments?post=47674"}],"version-history":[{"count":3,"href":"https:\/\/mab.org.br\/en\/wp-json\/wp\/v2\/pages\/47674\/revisions"}],"predecessor-version":[{"id":47699,"href":"https:\/\/mab.org.br\/en\/wp-json\/wp\/v2\/pages\/47674\/revisions\/47699"}],"wp:attachment":[{"href":"https:\/\/mab.org.br\/en\/wp-json\/wp\/v2\/media?parent=47674"}],"curies":[{"name":"wp","href":"https:\/\/api.w.org\/{rel}","templated":true}]}}