{"id":47658,"date":"2020-04-22T18:27:39","date_gmt":"2020-04-22T18:27:39","guid":{"rendered":"https:\/\/mab.org.br\/timeline\/"},"modified":"2024-01-29T18:19:39","modified_gmt":"2024-01-29T18:19:39","slug":"timeline-en","status":"publish","type":"page","link":"https:\/\/mab.org.br\/en\/timeline-en\/","title":{"rendered":"Timeline"},"content":{"rendered":"<!========= Cool Timeline PRO 2.7.1 =========><div class=\"cool_timeline cool-timeline-wrapper both-sided-wrapper white-timeline-wrapper main-design-3\" id=\"tm-default-design-3-13\"  data-pagination=\"yes\"  data-pagination-position=\"right\"><div class=\"cool-timeline ultimate-style  white-timeline\"><div  class=\"filter-preloaders\"><img decoding=\"async\" src=\"https:\/\/mab.org.br\/wp-content\/plugins\/_cool-timeline-pro\/\/images\/clt-compact-preloader.gif\"><\/div><div data-animations=\"slide-up\"  id=\"timeline-timeline-stories\" class=\"cooltimeline_cont  clearfix icons_no\"><div data-cls=\"sc-nv-design-3 white-timeline\" class=\"timeline-year scrollable-section design-3-year\"data-section-title=\"1987\" id=\"year-1987\"> <div class=\"icon-placeholder\"><span  class=\"ctl-timeline-date\">1987<\/span><\/div><div class=\"timeline-bar\"><\/div><\/div><!-- .timeline-post-start--><div data-alternate=\"0\" id=\"story-12605\" class=\"timeline-post even light-grey-post icons_no post-12605  design-3-meta\"><div class=\"timeline-meta\"><div class=\"meta-details\">Jan 1987<\/div><\/div><div class=\"timeline-icon icon-dot-full design-3-dot\"><div class=\"timeline-bar\"><\/div><\/div><div   id=\"story-12605\" class=\"timeline-content  clearfix even  full design-3-content \"><div class=\"ctl_info event-description full\"><div class=\"content-details\"><h2 class=\"content-title-2\"><a title=\"Primeira reuni\u00e3o nacional dos atingidos por barragens\" href=\"https:\/\/mab.org.br\/en\/timeline\/anos-80\/\">Primeira reuni\u00e3o nacional dos atingidos por barragens<\/a><\/h2>A luta das popula\u00e7\u00f5es atingidas por barragens contra as injusti\u00e7as praticadas por empresas e governos na constru\u00e7\u00e3o destas obras \u00e9 antiga. No in\u00edcio, eram protestos isolados, pouco organizados. Mesmo assim, <strong>neste per\u00edodo, houve lutas significativas<\/strong>, como no caso da constru\u00e7\u00e3o de Itaipu, no Rio Paran\u00e1, onde a organiza\u00e7\u00e3o dos atingidos ganhou for\u00e7a mesmo durante a ditadura militar no Brasil. Os agricultores atingidos pela constru\u00e7\u00e3o da barragem, organizados no Movimento Justi\u00e7a e Terra, acamparam em frente ao escrit\u00f3rio da empresa em Santa Helena, no Paran\u00e1, exigindo abertura de negocia\u00e7\u00f5es. <strong>Este foi um dos primeiros acampamentos que temos registro na organiza\u00e7\u00e3o dos atingidos<\/strong>.\r\n\r\nTamb\u00e9m, nesse momento, houve registro de lutas em outros estados como: S\u00e3o Paulo, Bahia, Pernambuco, Par\u00e1, Rio Grande do Sul, entre outros focos espalhados pelo pa\u00eds. <strong>Da troca de experi\u00eancias \u00e9 que surgiu a ideia de realizar uma primeira reuni\u00e3o nacional dos atingidos por barragens<\/strong>. A decis\u00e3o foi tomada em um encontro em Chapec\u00f3, em Santa Catarina, em 1987.<\/div><\/div><\/div><!-- timeline content --><\/div>\r\n        <!-- .timeline-post-end --><div data-cls=\"sc-nv-design-3 white-timeline\" class=\"timeline-year scrollable-section design-3-year\"data-section-title=\"1989\" id=\"year-1989\"> <div class=\"icon-placeholder\"><span  class=\"ctl-timeline-date\">1989<\/span><\/div><div class=\"timeline-bar\"><\/div><\/div><!-- .timeline-post-start--><div data-alternate=\"1\" id=\"story-12607\" class=\"timeline-post odd light-grey-post icons_no post-12607 story-cat-18  design-3-meta\"><div class=\"timeline-meta\"><div class=\"meta-details\">Apr 1989<\/div><\/div><div class=\"timeline-icon icon-dot-full design-3-dot\"><div class=\"timeline-bar\"><\/div><\/div><div   id=\"story-12607\" class=\"timeline-content  clearfix odd  full design-3-content \"><div class=\"ctl_info event-description full\"><div class=\"full-width\"><a title=\"I Encontro Nacional de Trabalhadores Atingidos por Barragens\"  href=\"https:\/\/mab.org.br\/wp-content\/uploads\/2020\/06\/50517619171_88f665367b_h.jpg\" class=\"ctl_prettyPhoto\"><img loading=\"lazy\" decoding=\"async\" width=\"1024\" height=\"665\" src=\"https:\/\/mab.org.br\/wp-content\/uploads\/2020\/06\/50517619171_88f665367b_h.jpg\" class=\"story-img wp-post-image\" alt=\"I Encontro Nacional de Trabalhadores Atingidos por Barragens\" \/><\/a><\/div><div class=\"content-details\"><h2 class=\"content-title-2\"><a title=\"I Encontro Nacional de Trabalhadores Atingidos por Barragens\" href=\"https:\/\/mab.org.br\/en\/timeline\/i-encontro-nacional-de-trabalhadores-atingidos-por-barragens\/\">I Encontro Nacional de Trabalhadores Atingidos por Barragens<\/a><\/h2><p>Com a ajuda de setores das igrejas cat\u00f3lica e evang\u00e9lica de confiss\u00e3o luterana, do movimento sindical (Departamento Nacional de Trabalhadores Rurais da CUT), Comiss\u00e3o Pr\u00f3-\u00cdndio de S\u00e3o Paulo,\u00a0 Centro de Documenta\u00e7\u00e3o e Informa\u00e7\u00e3o (CEDI) e dos professores do IPPUR da Universidade Federal do Rio de Janeiro \u00e9 que a\u00a0 Comiss\u00e3o Regional dos Atingidos por Barragens (CRAB), e o Polo Sindical do Sub-m\u00e9dio S\u00e3o Francisco tiveram a iniciativa de organizar, de <strong>19 a 21 de<\/strong> <strong>abril, em Goi\u00e2nia, o I Encontro Nacional de Trabalhadores Atingidos por Barragens<\/strong><em>.<\/em> O evento foi preparado em 4 etapas regionais: Norte, Nordeste, Sudeste e Sul e foi consagrada principalmente a troca de experi\u00eancias. Foi um momento importante, onde <strong>se decidiu por constituir uma organiza\u00e7\u00e3o nacional forte para fazer frente aos planos de constru\u00e7\u00e3o de grandes barragens <\/strong>no Brasil. O Encontro de Goi\u00e2nia tamb\u00e9m criou uma Comiss\u00e3o Nacional Provis\u00f3ria para organizar o I Congresso Nacional dos Atingidos por Barragens<strong>,<\/strong> que seria realizado dois anos ap\u00f3s.<\/p>\n<\/div><\/div><\/div><!-- timeline content --><\/div>\r\n        <!-- .timeline-post-end --><div data-cls=\"sc-nv-design-3 white-timeline\" class=\"timeline-year scrollable-section design-3-year\"data-section-title=\"1991\" id=\"year-1991\"> <div class=\"icon-placeholder\"><span  class=\"ctl-timeline-date\">1991<\/span><\/div><div class=\"timeline-bar\"><\/div><\/div><!-- .timeline-post-start--><div data-alternate=\"2\" id=\"story-12608\" class=\"timeline-post even light-grey-post icons_no post-12608 story-cat-18  design-3-meta\"><div class=\"timeline-meta\"><div class=\"meta-details\">Mar 1991<\/div><\/div><div class=\"timeline-icon icon-dot-full design-3-dot\"><div class=\"timeline-bar\"><\/div><\/div><div   id=\"story-12608\" class=\"timeline-content  clearfix even  full design-3-content \"><div class=\"ctl_info event-description full\"><div class=\"full-width\"><a title=\"I Congresso Nacional dos Atingidos por Barragens\"  href=\"https:\/\/mab.org.br\/wp-content\/uploads\/2020\/06\/50516893453_b2e9b9727f_o.jpg\" class=\"ctl_prettyPhoto\"><img loading=\"lazy\" decoding=\"async\" width=\"1024\" height=\"765\" src=\"https:\/\/mab.org.br\/wp-content\/uploads\/2020\/06\/50516893453_b2e9b9727f_o.jpg\" class=\"story-img wp-post-image\" alt=\"I Congresso Nacional dos Atingidos por Barragens\" \/><\/a><\/div><div class=\"content-details\"><h2 class=\"content-title-2\"><a title=\"I Congresso Nacional dos Atingidos por Barragens\" href=\"https:\/\/mab.org.br\/en\/timeline\/i-congresso-nacional-dos-atingidos-por-barragens\/\">I Congresso Nacional dos Atingidos por Barragens<\/a><\/h2><p>O <strong>I Congresso Nacional dos Atingidos por Barragens<\/strong> ocorreu no m\u00eas de mar\u00e7o, em Bras\u00edlia. Delegados vindos de todo o pa\u00eds decidiram, ent\u00e3o, fundar o <strong>MAB &#8211; Movimento dos Atingidos por Barragens, <\/strong>como um movimento nacional, popular e aut\u00f4nomo, com a tarefa de organizar e articular as a\u00e7\u00f5es contra as barragens a partir das realidades locais. Para marcar o nascimento do movimento, o dia da plen\u00e1ria final do I Congresso, <strong>14 de mar\u00e7o<\/strong>, <strong>foi consagrado como Dia Nacional de Luta Contra as Barragens<\/strong>, sendo celebrado desde ent\u00e3o em todo o pa\u00eds.<\/p>\n<\/div><\/div><\/div><!-- timeline content --><\/div>\r\n        <!-- .timeline-post-end --><div data-cls=\"sc-nv-design-3 white-timeline\" class=\"timeline-year scrollable-section design-3-year\"data-section-title=\"1993\" id=\"year-1993\"> <div class=\"icon-placeholder\"><span  class=\"ctl-timeline-date\">1993<\/span><\/div><div class=\"timeline-bar\"><\/div><\/div><!-- .timeline-post-start--><div data-alternate=\"3\" id=\"story-12609\" class=\"timeline-post odd light-grey-post icons_no post-12609 story-cat-18  design-3-meta\"><div class=\"timeline-meta\"><div class=\"meta-details\">Dec 1993<\/div><\/div><div class=\"timeline-icon icon-dot-full design-3-dot\"><div class=\"timeline-bar\"><\/div><\/div><div   id=\"story-12609\" class=\"timeline-content  clearfix odd  full design-3-content \"><div class=\"ctl_info event-description full\"><div class=\"full-width\"><a title=\"II Congresso Nacional do MAB\"  href=\"https:\/\/mab.org.br\/wp-content\/uploads\/2020\/06\/50516902158_5c352c2572_h.jpg\" class=\"ctl_prettyPhoto\"><img loading=\"lazy\" decoding=\"async\" width=\"1024\" height=\"683\" src=\"https:\/\/mab.org.br\/wp-content\/uploads\/2020\/06\/50516902158_5c352c2572_h.jpg\" class=\"story-img wp-post-image\" alt=\"II Congresso Nacional do MAB\" \/><\/a><\/div><div class=\"content-details\"><h2 class=\"content-title-2\"><a title=\"II Congresso Nacional do MAB\" href=\"https:\/\/mab.org.br\/en\/timeline\/ii-congresso-nacional-do-mab\/\">II Congresso Nacional do MAB<\/a><\/h2><p><strong>Em dezembro, <\/strong>foi realizado o <strong>II Congresso Nacional do MAB, <\/strong>e uma das suas principais delibera\u00e7\u00f5es foi a necessidade de organiza\u00e7\u00e3o de um encontro internacional de atingidos por barragens, reunindo experi\u00eancias de luta em outros pa\u00edses, que veio a ocorrer em 1997.<\/p>\n<\/div><\/div><\/div><!-- timeline content --><\/div>\r\n        <!-- .timeline-post-end --><div data-cls=\"sc-nv-design-3 white-timeline\" class=\"timeline-year scrollable-section design-3-year\"data-section-title=\"1995\" id=\"year-1995\"> <div class=\"icon-placeholder\"><span  class=\"ctl-timeline-date\">1995<\/span><\/div><div class=\"timeline-bar\"><\/div><\/div><!-- .timeline-post-start--><div data-alternate=\"4\" id=\"story-12610\" class=\"timeline-post even light-grey-post icons_no post-12610 story-cat-18  design-3-meta\"><div class=\"timeline-meta\"><div class=\"meta-details\">Sep 1995<\/div><\/div><div class=\"timeline-icon icon-dot-full design-3-dot\"><div class=\"timeline-bar\"><\/div><\/div><div   id=\"story-12610\" class=\"timeline-content  clearfix even  full design-3-content \"><div class=\"ctl_info event-description full\"><div class=\"content-details\"><h2 class=\"content-title-2\"><a title=\"Prepara\u00e7\u00e3o do I Encontro Internacional de atingidos\" href=\"https:\/\/mab.org.br\/en\/timeline\/preparacao-do-i-encontro-internacional-de-atingidos\/\">Prepara\u00e7\u00e3o do I Encontro Internacional de atingidos<\/a><\/h2><p>Organizado pelo MAB, o <strong>Encontro Preparat\u00f3rio <\/strong>para constru\u00e7\u00e3o do I Encontro Internacional de Atingidos aconteceu em <strong>setembro, em Itamonte, Minas Gerais<\/strong>. Foi criado um comit\u00ea organizador com a participa\u00e7\u00e3o dos norte-americanos da Rede Internacional de Rios (IRN), dos indianos do Movimento para Salvar o Rio Narmada (NBA), dos chilenos do Grupo de A\u00e7\u00e3o pelo Bio Bio (GABB) e dos europeus da Rede Europeia de Rios (ERN), al\u00e9m do pr\u00f3prio MAB.<\/p>\n<\/div><\/div><\/div><!-- timeline content --><\/div>\r\n        <!-- .timeline-post-end --><div data-cls=\"sc-nv-design-3 white-timeline\" class=\"timeline-year scrollable-section design-3-year\"data-section-title=\"1996\" id=\"year-1996\"> <div class=\"icon-placeholder\"><span  class=\"ctl-timeline-date\">1996<\/span><\/div><div class=\"timeline-bar\"><\/div><\/div><!-- .timeline-post-start--><div data-alternate=\"5\" id=\"story-12635\" class=\"timeline-post odd light-grey-post icons_no post-12635 story-cat-18  design-3-meta\"><div class=\"timeline-meta\"><div class=\"meta-details\">Dec 1996<\/div><\/div><div class=\"timeline-icon icon-dot-full design-3-dot\"><div class=\"timeline-bar\"><\/div><\/div><div   id=\"story-12635\" class=\"timeline-content  clearfix odd  full design-3-content \"><div class=\"ctl_info event-description full\"><div class=\"full-width\"><a title=\"III Congresso Nacional do MAB\"  href=\"https:\/\/mab.org.br\/wp-content\/uploads\/2020\/06\/50517786627_461adead13_h.jpg\" class=\"ctl_prettyPhoto\"><img loading=\"lazy\" decoding=\"async\" width=\"1024\" height=\"645\" src=\"https:\/\/mab.org.br\/wp-content\/uploads\/2020\/06\/50517786627_461adead13_h.jpg\" class=\"story-img wp-post-image\" alt=\"III Congresso Nacional do MAB\" \/><\/a><\/div><div class=\"content-details\"><h2 class=\"content-title-2\"><a title=\"III Congresso Nacional do MAB\" href=\"https:\/\/mab.org.br\/en\/timeline\/iii-congresso-nacional-do-mab\/\">III Congresso Nacional do MAB<\/a><\/h2><p>Entre<strong> 10 e 13 de dezembro, <\/strong>realizou-se o <strong>III Congresso Nacional do MAB, em S\u00e3o Paulo<\/strong>, com o objetivo de debater as linhas gerais de a\u00e7\u00e3o, o trabalho de base, a pol\u00edtica de alian\u00e7as e a posi\u00e7\u00e3o frente ao setor el\u00e9trico.<\/p>\n<\/div><\/div><\/div><!-- timeline content --><\/div>\r\n        <!-- .timeline-post-end --><div data-cls=\"sc-nv-design-3 white-timeline\" class=\"timeline-year scrollable-section design-3-year\"data-section-title=\"1997\" id=\"year-1997\"> <div class=\"icon-placeholder\"><span  class=\"ctl-timeline-date\">1997<\/span><\/div><div class=\"timeline-bar\"><\/div><\/div><!-- .timeline-post-start--><div data-alternate=\"6\" id=\"story-12646\" class=\"timeline-post even light-grey-post icons_no post-12646 story-cat-18  design-3-meta\"><div class=\"timeline-meta\"><div class=\"meta-details\">Apr 1997<\/div><\/div><div class=\"timeline-icon icon-dot-full design-3-dot\"><div class=\"timeline-bar\"><\/div><\/div><div   id=\"story-12646\" class=\"timeline-content  clearfix even  full design-3-content \"><div class=\"ctl_info event-description full\"><div class=\"full-width\"><a title=\"I Encontro Internacional de Atingidos por Barragens\"  href=\"https:\/\/mab.org.br\/wp-content\/uploads\/2020\/06\/50517782852_a09f54c04e_o.jpg\" class=\"ctl_prettyPhoto\"><img loading=\"lazy\" decoding=\"async\" width=\"578\" height=\"385\" src=\"https:\/\/mab.org.br\/wp-content\/uploads\/2020\/06\/50517782852_a09f54c04e_o.jpg\" class=\"story-img wp-post-image\" alt=\"I Encontro Internacional de Atingidos por Barragens\" \/><\/a><\/div><div class=\"content-details\"><h2 class=\"content-title-2\"><a title=\"I Encontro Internacional de Atingidos por Barragens\" href=\"https:\/\/mab.org.br\/en\/timeline\/i-encontro-internacional-de-atingidos-por-barragens\/\">I Encontro Internacional de Atingidos por Barragens<\/a><\/h2><p>De 12 a 14 de mar\u00e7o, organizamos na cidade de Curitiba, no Paran\u00e1, o <strong>I Encontro Internacional de Atingidos por Barragens<\/strong>, com delega\u00e7\u00f5es de 20 pa\u00edses. No \u00faltimo dia, foi aprovada a declara\u00e7\u00e3o de Curitiba, que oficializou o dia <strong>14 de mar\u00e7o <\/strong>como o <strong>Dia Internacional de Luta contra as Barragens, Pelos Rios, Pela \u00c1gua e Pela Vida.<\/strong><\/p>\n<\/div><\/div><\/div><!-- timeline content --><\/div>\r\n        <!-- .timeline-post-end --><div data-cls=\"sc-nv-design-3 white-timeline\" class=\"timeline-year scrollable-section design-3-year\"data-section-title=\"1999\" id=\"year-1999\"> <div class=\"icon-placeholder\"><span  class=\"ctl-timeline-date\">1999<\/span><\/div><div class=\"timeline-bar\"><\/div><\/div><!-- .timeline-post-start--><div data-alternate=\"7\" id=\"story-12647\" class=\"timeline-post odd light-grey-post icons_no post-12647 story-cat-18  design-3-meta\"><div class=\"timeline-meta\"><div class=\"meta-details\">Nov 1999<\/div><\/div><div class=\"timeline-icon icon-dot-full design-3-dot\"><div class=\"timeline-bar\"><\/div><\/div><div   id=\"story-12647\" class=\"timeline-content  clearfix odd  full design-3-content \"><div class=\"ctl_info event-description full\"><div class=\"content-details\"><h2 class=\"content-title-2\"><a title=\"IV Congresso Nacional do MAB\" href=\"https:\/\/mab.org.br\/en\/timeline\/iv-congresso-do-mab\/\">IV Congresso Nacional do MAB<\/a><\/h2><p>O <strong>IV Congresso, <\/strong>realizado em<strong> novembro, em Belo Horizonte<\/strong>, confirmou as diretrizes anteriores e definiu a linha de combate contra as pol\u00edticas neoliberais e o processo de privatiza\u00e7\u00e3o do setor el\u00e9trico.<\/p>\n<p>Foi em 1999 que avan\u00e7amos na elabora\u00e7\u00e3o das linhas gerais sobre o que poderia vir a ser um <strong>Novo Modelo Energ\u00e9tico<\/strong> e um <strong>Projeto Popular para o Brasil<\/strong>. Uma vez mais, o Congresso afirmou a prioridade da organiza\u00e7\u00e3o de base e da luta de massa como principal forma de fortalecer o movimento e alcan\u00e7ar seus objetivos.<\/p>\n<p>Essa foi a \u00faltima grande atividade de car\u00e1ter nacional intitulada enquanto Congresso. <strong>A partir deste momento, fomos construindo e realizando os Encontros Nacionais.<\/strong> Fomos afirmando e formulando nossa concep\u00e7\u00e3o de movimento popular, onde n\u00e3o \u00e9 o voto nos congressos a express\u00e3o mais importante. O que passa a ter mais relev\u00e2ncia \u00e9 a participa\u00e7\u00e3o popular de atingidos inseridos organicamente no movimento, que fazem o debate, formulam propostas a serem incorporadas pelo conjunto da organiza\u00e7\u00e3o, aprofundando o nosso car\u00e1ter de movimento popular.<\/p>\n<\/div><\/div><\/div><!-- timeline content --><\/div>\r\n        <!-- .timeline-post-end --><div data-cls=\"sc-nv-design-3 white-timeline\" class=\"timeline-year scrollable-section design-3-year\"data-section-title=\"2003\" id=\"year-2003\"> <div class=\"icon-placeholder\"><span  class=\"ctl-timeline-date\">2003<\/span><\/div><div class=\"timeline-bar\"><\/div><\/div><!-- .timeline-post-start--><div data-alternate=\"8\" id=\"story-12648\" class=\"timeline-post even light-grey-post icons_no post-12648 story-cat-18  design-3-meta\"><div class=\"timeline-meta\"><div class=\"meta-details\">Jun 2003<\/div><\/div><div class=\"timeline-icon icon-dot-full design-3-dot\"><div class=\"timeline-bar\"><\/div><\/div><div   id=\"story-12648\" class=\"timeline-content  clearfix even  full design-3-content \"><div class=\"ctl_info event-description full\"><div class=\"content-details\"><h2 class=\"content-title-2\"><a title=\"5\u00ba Encontro Nacional e II Encontro Internacional de Atingidos\" href=\"https:\/\/mab.org.br\/en\/timeline\/5o-encontro-nacional-e-ii-encontro-internacional-de-atingidos\/\">5\u00ba Encontro Nacional e II Encontro Internacional de Atingidos<\/a><\/h2><p><strong>Em junho de 2003 a capital federal sediou o 5\u00ba Encontro Nacional do MAB<\/strong>. Na carta de Bras\u00edlia, reafirmamos a luta popular como o \u00fanico instrumento capaz de obter conquistas concretas para o povo. Foi um momento de esperan\u00e7a com a chegada de Lula \u00e0 presid\u00eancia, pois, nos anos anteriores, a pol\u00edtica neoliberal levada a cabo por Fernando Henrique Cardoso privatizou grande parte do setor el\u00e9trico e nos colocou \u00e0 merc\u00ea das pol\u00edticas das empresas transnacionais de energia.<\/p>\n<p>Entre<strong> 28 de novembro e 3 de dezembro<\/strong>, no povoado de Rasi Salai, no nordeste da Tail\u00e2ndia, foi realizado o evento <strong>\u201cRios para Vida: II Encontro Internacional de Atingidos por Barragens e seus Aliados\u201d.<\/strong><\/p>\n<p>A pequena vila onde foi promovida a atividade tinha um forte significado simb\u00f3lico. O terreno, durante mais de sete anos, <strong>esteve encoberto pelas \u00e1guas da barragem de Rasi Salai, a qual, ap\u00f3s muita luta dos atingidos e de organiza\u00e7\u00f5es ambientalistas, teve suas comportas reabertas permitindo que as \u00e1guas do rio retornassem ao seu leito natural.<\/strong> O Encontro Internacional ocorreu tr\u00eas anos depois das comportas reabertas, quando a natureza voltava a se recompor.<\/p>\n<\/div><\/div><\/div><!-- timeline content --><\/div>\r\n        <!-- .timeline-post-end --><div data-cls=\"sc-nv-design-3 white-timeline\" class=\"timeline-year scrollable-section design-3-year\"data-section-title=\"2004\" id=\"year-2004\"> <div class=\"icon-placeholder\"><span  class=\"ctl-timeline-date\">2004<\/span><\/div><div class=\"timeline-bar\"><\/div><\/div><!-- .timeline-post-start--><div data-alternate=\"9\" id=\"story-12649\" class=\"timeline-post odd light-grey-post icons_no post-12649 story-cat-18  design-3-meta\"><div class=\"timeline-meta\"><div class=\"meta-details\">May 2004<\/div><\/div><div class=\"timeline-icon icon-dot-full design-3-dot\"><div class=\"timeline-bar\"><\/div><\/div><div   id=\"story-12649\" class=\"timeline-content  clearfix odd  full design-3-content \"><div class=\"ctl_info event-description full\"><div class=\"content-details\"><h2 class=\"content-title-2\"><a title=\"Marcha Nacional &#8220;\u00c1guas pela Vida&#8221;\" href=\"https:\/\/mab.org.br\/en\/timeline\/marcha-nacional-aguas-pela-vida\/\">Marcha Nacional &#8220;\u00c1guas pela Vida&#8221;<\/a><\/h2><p>Em maio desse ano, o MAB realizou uma marcha hist\u00f3rica com cerca de 600 militantes vindos de 15 estados do pa\u00eds. Foi a <strong>\u201cMarcha Nacional \u00c1guas pela Vida\u201d,<\/strong> percorrida de Goi\u00e2nia \u00e0 Bras\u00edlia, para exigir do Governo Federal o cumprimento dos direitos dos atingidos. A manifesta\u00e7\u00e3o denunciou a necessidade de enfrentamento \u00e0s empresas construtoras de barragens e questionou a pol\u00edtica energ\u00e9tica do governo brasileiro, apresentando alternativas para o setor.<\/p>\n<\/div><\/div><\/div><!-- timeline content --><\/div>\r\n        <!-- .timeline-post-end --><div data-cls=\"sc-nv-design-3 white-timeline\" class=\"timeline-year scrollable-section design-3-year\"data-section-title=\"2006\" id=\"year-2006\"> <div class=\"icon-placeholder\"><span  class=\"ctl-timeline-date\">2006<\/span><\/div><div class=\"timeline-bar\"><\/div><\/div><!-- .timeline-post-start--><div data-alternate=\"10\" id=\"story-12650\" class=\"timeline-post even light-grey-post icons_no post-12650 story-cat-18  design-3-meta\"><div class=\"timeline-meta\"><div class=\"meta-details\">Mar 2006<\/div><\/div><div class=\"timeline-icon icon-dot-full design-3-dot\"><div class=\"timeline-bar\"><\/div><\/div><div   id=\"story-12650\" class=\"timeline-content  clearfix even  full design-3-content \"><div class=\"ctl_info event-description full\"><div class=\"full-width\"><a title=\"\u00a06\u00ba Encontro Nacional dos Atingidos por Barragens\"  href=\"https:\/\/mab.org.br\/wp-content\/uploads\/2020\/06\/50517614301_659281b6c2_o.jpg\" class=\"ctl_prettyPhoto\"><img loading=\"lazy\" decoding=\"async\" width=\"1024\" height=\"768\" src=\"https:\/\/mab.org.br\/wp-content\/uploads\/2020\/06\/50517614301_659281b6c2_o.jpg\" class=\"story-img wp-post-image\" alt=\"\u00a06\u00ba Encontro Nacional dos Atingidos por Barragens\" \/><\/a><\/div><div class=\"content-details\"><h2 class=\"content-title-2\"><a title=\"\u00a06\u00ba Encontro Nacional dos Atingidos por Barragens\" href=\"https:\/\/mab.org.br\/en\/timeline\/6o-encontro-nacional-dos-atingidos-por-barragens\/\">\u00a06\u00ba Encontro Nacional dos Atingidos por Barragens<\/a><\/h2><p>Em mar\u00e7o, realizamos o\u00a0<strong>6\u00ba Encontro Nacional dos Atingidos por Barragens\u00a0<\/strong>em Curitiba, no Paran\u00e1. No encontro, 1200 atingidos de todo Brasil e reafirmaram o car\u00e1ter nacional do MAB, a import\u00e2ncia das especificidades regionais e o car\u00e1ter popular, sindical e pol\u00edtico do movimento. Dentro da consolida\u00e7\u00e3o do Projeto Popular para o Brasil, o movimento passa a propor medidas para a constru\u00e7\u00e3o do Projeto Energ\u00e9tico Popular. <strong>A principal palavra de ordem tornou-se \u201c\u00c1gua e energia n\u00e3o s\u00e3o mercadorias!\u201d<\/strong>. Compreendemos que a \u00e1gua e a energia s\u00e3o bens essenciais para a vida e todos devem ter acesso com qualidade e a pre\u00e7o justo; n\u00e3o podem ficar nas m\u00e3os de multinacionais que t\u00eam como \u00fanico interesse o lucro.<\/p>\n<\/div><\/div><\/div><!-- timeline content --><\/div>\r\n        <!-- .timeline-post-end --><div data-cls=\"sc-nv-design-3 white-timeline\" class=\"timeline-year scrollable-section design-3-year\"data-section-title=\"2009\" id=\"year-2009\"> <div class=\"icon-placeholder\"><span  class=\"ctl-timeline-date\">2009<\/span><\/div><div class=\"timeline-bar\"><\/div><\/div><!-- .timeline-post-start--><div data-alternate=\"11\" id=\"story-12651\" class=\"timeline-post odd light-grey-post icons_no post-12651 story-cat-18  design-3-meta\"><div class=\"timeline-meta\"><div class=\"meta-details\">Jan 2009<\/div><\/div><div class=\"timeline-icon icon-dot-full design-3-dot\"><div class=\"timeline-bar\"><\/div><\/div><div   id=\"story-12651\" class=\"timeline-content  clearfix odd  full design-3-content \"><div class=\"ctl_info event-description full\"><div class=\"full-width\"><a title=\"Pela primeira vez, fomos reconhecidos enquanto atingidos por um presidente\"  href=\"https:\/\/mab.org.br\/wp-content\/uploads\/2020\/06\/26102010-26.10.2010JFC5393.jpg\" class=\"ctl_prettyPhoto\"><img loading=\"lazy\" decoding=\"async\" width=\"800\" height=\"531\" src=\"https:\/\/mab.org.br\/wp-content\/uploads\/2020\/06\/26102010-26.10.2010JFC5393.jpg\" class=\"story-img wp-post-image\" alt=\"Pela primeira vez, fomos reconhecidos enquanto atingidos por um presidente\" \/><\/a><\/div><div class=\"content-details\"><h2 class=\"content-title-2\"><a title=\"Pela primeira vez, fomos reconhecidos enquanto atingidos por um presidente\" href=\"https:\/\/mab.org.br\/en\/timeline\/pela-primeira-vez-fomos-reconhecidos-enquanto-atingidos-por-um-presidente\/\">Pela primeira vez, fomos reconhecidos enquanto atingidos por um presidente<\/a><\/h2><p>Durante o lan\u00e7amento do Plano Safra daquele ano, e posteriormente em falas p\u00fablicas e em audi\u00eancia com o MAB, <strong>o ent\u00e3o presidente Lula reconheceu que o Estado brasileiro tem uma d\u00edvida hist\u00f3rica com os atingidos por barragens<\/strong>. Falou tamb\u00e9m que n\u00e3o terminaria seu mandato sem resolver o problema. Foi a primeira vez em nossa hist\u00f3ria que fomos reconhecidos enquanto atingidos por um presidente. No entanto, seu mandato acabou e os nossos problemas continuam, por isso, continuamos organizados e lutando.<\/p>\n<\/div><\/div><\/div><!-- timeline content --><\/div>\r\n        <!-- .timeline-post-end --><div data-cls=\"sc-nv-design-3 white-timeline\" class=\"timeline-year scrollable-section design-3-year\"data-section-title=\"2010\" id=\"year-2010\"> <div class=\"icon-placeholder\"><span  class=\"ctl-timeline-date\">2010<\/span><\/div><div class=\"timeline-bar\"><\/div><\/div><!-- .timeline-post-start--><div data-alternate=\"12\" id=\"story-12652\" class=\"timeline-post even light-grey-post icons_no post-12652 story-cat-18  design-3-meta\"><div class=\"timeline-meta\"><div class=\"meta-details\">Oct 2010<\/div><\/div><div class=\"timeline-icon icon-dot-full design-3-dot\"><div class=\"timeline-bar\"><\/div><\/div><div   id=\"story-12652\" class=\"timeline-content  clearfix even  full design-3-content \"><div class=\"ctl_info event-description full\"><div class=\"full-width\"><a title=\"III Encontro Internacional dos Atingidos por Barragens\"  href=\"https:\/\/mab.org.br\/wp-content\/uploads\/2020\/06\/temaca_from_above.jpg\" class=\"ctl_prettyPhoto\"><img loading=\"lazy\" decoding=\"async\" width=\"400\" height=\"600\" src=\"https:\/\/mab.org.br\/wp-content\/uploads\/2020\/06\/temaca_from_above.jpg\" class=\"story-img wp-post-image\" alt=\"III Encontro Internacional dos Atingidos por Barragens\" \/><\/a><\/div><div class=\"content-details\"><h2 class=\"content-title-2\"><a title=\"III Encontro Internacional dos Atingidos por Barragens\" href=\"https:\/\/mab.org.br\/en\/timeline\/iii-encontro-internacional-dos-atingidos-por-barragens\/\">III Encontro Internacional dos Atingidos por Barragens<\/a><\/h2><p>Os olhos dos atingidos por barragens do mundo estiveram voltados para <strong>Temacapul\u00edn, no M\u00e9xico, de 1 a 7 de outubro, durante o do III Encontro Internacional dos Atingidos por Barragens.<\/strong> A luta contra a barragem de El Zapotillo se fortaleceu internacionalmente depois de cinco anos de resist\u00eancia dos moradores locais e do movimento nacional mexicano. O encontro, que contou com a participa\u00e7\u00e3o de 320 delegados de 60 pa\u00edses, chamou a aten\u00e7\u00e3o internacional para a luta em defesa dos direitos dos atingidos, aumentou a compreens\u00e3o global da import\u00e2ncia e necessidade, pois, as empresas que atuam na constru\u00e7\u00e3o de barragens s\u00e3o as mesmas na maioria dos pa\u00edses da Am\u00e9rica Latina, da \u00c1frica e tamb\u00e9m da \u00c1sia.<\/p>\n<\/div><\/div><\/div><!-- timeline content --><\/div>\r\n        <!-- .timeline-post-end --><div data-cls=\"sc-nv-design-3 white-timeline\" class=\"timeline-year scrollable-section design-3-year\"data-section-title=\"2011\" id=\"year-2011\"> <div class=\"icon-placeholder\"><span  class=\"ctl-timeline-date\">2011<\/span><\/div><div class=\"timeline-bar\"><\/div><\/div><!-- .timeline-post-start--><div data-alternate=\"13\" id=\"story-12653\" class=\"timeline-post odd light-grey-post icons_no post-12653 story-cat-18  design-3-meta\"><div class=\"timeline-meta\"><div class=\"meta-details\">Apr 2011<\/div><\/div><div class=\"timeline-icon icon-dot-full design-3-dot\"><div class=\"timeline-bar\"><\/div><\/div><div   id=\"story-12653\" class=\"timeline-content  clearfix odd  full design-3-content \"><div class=\"ctl_info event-description full\"><div class=\"full-width\"><a title=\"I Encontro das Mulheres Atingidas por Barragens\"  href=\"https:\/\/mab.org.br\/wp-content\/uploads\/2020\/06\/image_processing20200201-29235-12r9sa.jpg\" class=\"ctl_prettyPhoto\"><img loading=\"lazy\" decoding=\"async\" width=\"800\" height=\"527\" src=\"https:\/\/mab.org.br\/wp-content\/uploads\/2020\/06\/image_processing20200201-29235-12r9sa.jpg\" class=\"story-img wp-post-image\" alt=\"I Encontro das Mulheres Atingidas por Barragens\" srcset=\"https:\/\/mab.org.br\/wp-content\/uploads\/2020\/06\/image_processing20200201-29235-12r9sa.jpg 800w, https:\/\/mab.org.br\/wp-content\/uploads\/2020\/06\/image_processing20200201-29235-12r9sa-300x198.jpg 300w, https:\/\/mab.org.br\/wp-content\/uploads\/2020\/06\/image_processing20200201-29235-12r9sa-768x506.jpg 768w\" sizes=\"auto, (max-width: 800px) 100vw, 800px\" \/><\/a><\/div><div class=\"content-details\"><h2 class=\"content-title-2\"><a title=\"I Encontro das Mulheres Atingidas por Barragens\" href=\"https:\/\/mab.org.br\/en\/timeline\/i-encontro-das-mulheres-atingidas-por-barragens\/\">I Encontro das Mulheres Atingidas por Barragens<\/a><\/h2><p>Em abril de 2011, realizamos em Bras\u00edlia o <strong>1\u00ba Encontro das Mulheres Atingidas por Barragens<\/strong>. O evento contou com a presen\u00e7a de 500 mulheres que debateram a situa\u00e7\u00e3o de viol\u00eancia e as lutas que travam. Sa\u00edmos mais fortalecidas para construir nossa organiza\u00e7\u00e3o. No dia 7 de abril, <strong>as mulheres presentes no encontro foram recebidas pela presidente rec\u00e9m-eleita, Dilma Rousseff<\/strong>, e, em carta, cobraram do governo o atendimento das reivindica\u00e7\u00f5es hist\u00f3ricas do movimento e das pautas das mulheres no sentido de constru\u00e7\u00e3o de pol\u00edticas para a igualdade de g\u00eanero e o fim da opress\u00e3o e viol\u00eancia contra as mulheres.<\/p>\n<\/div><\/div><\/div><!-- timeline content --><\/div>\r\n        <!-- .timeline-post-end --><div data-cls=\"sc-nv-design-3 white-timeline\" class=\"timeline-year scrollable-section design-3-year\"data-section-title=\"2013\" id=\"year-2013\"> <div class=\"icon-placeholder\"><span  class=\"ctl-timeline-date\">2013<\/span><\/div><div class=\"timeline-bar\"><\/div><\/div><!-- .timeline-post-start--><div data-alternate=\"14\" id=\"story-12658\" class=\"timeline-post even light-grey-post icons_no post-12658 story-cat-18  design-3-meta\"><div class=\"timeline-meta\"><div class=\"meta-details\">Sep 2013<\/div><\/div><div class=\"timeline-icon icon-dot-full design-3-dot\"><div class=\"timeline-bar\"><\/div><\/div><div   id=\"story-12658\" class=\"timeline-content  clearfix even  full design-3-content \"><div class=\"ctl_info event-description full\"><div class=\"full-width\"><a title=\"7\u00b0 Encontro Nacional do MAB\"  href=\"https:\/\/mab.org.br\/wp-content\/uploads\/2020\/06\/9683316200_60e8dcbb9a_k.jpg\" class=\"ctl_prettyPhoto\"><img loading=\"lazy\" decoding=\"async\" width=\"1024\" height=\"682\" src=\"https:\/\/mab.org.br\/wp-content\/uploads\/2020\/06\/9683316200_60e8dcbb9a_k.jpg\" class=\"story-img wp-post-image\" alt=\"7\u00b0 Encontro Nacional do MAB\" \/><\/a><\/div><div class=\"content-details\"><h2 class=\"content-title-2\"><a title=\"7\u00b0 Encontro Nacional do MAB\" href=\"https:\/\/mab.org.br\/en\/timeline\/7-encontro-nacional-do-mab\/\">7\u00b0 Encontro Nacional do MAB<\/a><\/h2><p>Reunindo cerca de 2.500 atingidos de todo o Brasil, <strong>de 1 a 5 de setembro de 2013, realizamos o 7\u00b0 Encontro Nacional do MAB<\/strong>, em Cotia, S\u00e3o Paulo. Foi neste encontro que o movimento define priorizar a luta espec\u00edfica dos atingidos diante da constru\u00e7\u00e3o de grandes barragens, principalmente na Amaz\u00f4nia, avan\u00e7ar na constru\u00e7\u00e3o do Projeto Energ\u00e9tico Popular, participar das lutas gerais do povo e fortalecer a organicidade interna.<\/p>\n<\/div><\/div><\/div><!-- timeline content --><\/div>\r\n        <!-- .timeline-post-end --><div data-cls=\"sc-nv-design-3 white-timeline\" class=\"timeline-year scrollable-section design-3-year\"data-section-title=\"2015\" id=\"year-2015\"> <div class=\"icon-placeholder\"><span  class=\"ctl-timeline-date\">2015<\/span><\/div><div class=\"timeline-bar\"><\/div><\/div><!-- .timeline-post-start--><div data-alternate=\"15\" id=\"story-12828\" class=\"timeline-post odd light-grey-post icons_no post-12828 story-cat-18  design-3-meta\"><div class=\"timeline-meta\"><div class=\"meta-details\">Nov 2015<\/div><\/div><div class=\"timeline-icon icon-dot-full design-3-dot\"><div class=\"timeline-bar\"><\/div><\/div><div   id=\"story-12828\" class=\"timeline-content  clearfix odd  full design-3-content \"><div class=\"ctl_info event-description full\"><div class=\"full-width\"><a title=\"Rompimento da barragem de Fund\u00e3o em Mariana (MG)\"  href=\"https:\/\/mab.org.br\/wp-content\/uploads\/2020\/06\/photo662097658998007863.jpg\" class=\"ctl_prettyPhoto\"><img loading=\"lazy\" decoding=\"async\" width=\"1024\" height=\"682\" src=\"https:\/\/mab.org.br\/wp-content\/uploads\/2020\/06\/photo662097658998007863-1024x682.jpg\" class=\"story-img wp-post-image\" alt=\"Rompimento da barragem de Fund\u00e3o em Mariana (MG)\" srcset=\"https:\/\/mab.org.br\/wp-content\/uploads\/2020\/06\/photo662097658998007863-1024x682.jpg 1024w, https:\/\/mab.org.br\/wp-content\/uploads\/2020\/06\/photo662097658998007863-300x200.jpg 300w, https:\/\/mab.org.br\/wp-content\/uploads\/2020\/06\/photo662097658998007863-768x512.jpg 768w, https:\/\/mab.org.br\/wp-content\/uploads\/2020\/06\/photo662097658998007863-272x182.jpg 272w, https:\/\/mab.org.br\/wp-content\/uploads\/2020\/06\/photo662097658998007863.jpg 1280w\" sizes=\"auto, (max-width: 1024px) 100vw, 1024px\" \/><\/a><\/div><div class=\"content-details\"><h2 class=\"content-title-2\"><a title=\"Rompimento da barragem de Fund\u00e3o em Mariana (MG)\" href=\"https:\/\/mab.org.br\/en\/timeline\/rompimento-da-barragem-de-fundao-em-mariana-mg\/\">Rompimento da barragem de Fund\u00e3o em Mariana (MG)<\/a><\/h2><p>Nosso profundo sentimento de solidariedade e indigna\u00e7\u00e3o surgiu no <strong>dia 5 de novembro<\/strong>, quando recebemos as primeiras informa\u00e7\u00f5es sobre o <strong>rompimento da barragem de Fund\u00e3o, de propriedade da Samarco (Vale e BHP Billiton), em Mariana<\/strong>, <strong>Minas Gerais<\/strong>. Foram 19 mortes, uma mulher sofreu um aborto for\u00e7ado na lama. Milhares ficaram desalojados e sem \u00e1gua pot\u00e1vel. Mais de 600 quil\u00f4metros do rio Doce foram destru\u00eddos, causando a morte de peixes e da biodiversidade marinha no litoral do Esp\u00edrito Santo. Esse \u00e9 um dos momentos da nossa hist\u00f3ria que, mesmo com profunda revolta perante o crime, o MAB esteve no centro das discuss\u00f5es nacionais e internacionais sobre os direitos dos atingidos e sobre a seguran\u00e7a dos que vivem \u00e0 jusante das barragens, sob constante amea\u00e7a.<\/p>\n<\/div><\/div><\/div><!-- timeline content --><\/div>\r\n        <!-- .timeline-post-end --><div data-cls=\"sc-nv-design-3 white-timeline\" class=\"timeline-year scrollable-section design-3-year\"data-section-title=\"2016\" id=\"year-2016\"> <div class=\"icon-placeholder\"><span  class=\"ctl-timeline-date\">2016<\/span><\/div><div class=\"timeline-bar\"><\/div><\/div><!-- .timeline-post-start--><div data-alternate=\"16\" id=\"story-12830\" class=\"timeline-post even light-grey-post icons_no post-12830 story-cat-18  design-3-meta\"><div class=\"timeline-meta\"><div class=\"meta-details\">Sep 2016<\/div><\/div><div class=\"timeline-icon icon-dot-full design-3-dot\"><div class=\"timeline-bar\"><\/div><\/div><div   id=\"story-12830\" class=\"timeline-content  clearfix even  full design-3-content \"><div class=\"ctl_info event-description full\"><div class=\"full-width\"><a title=\"Funda\u00e7\u00e3o do Movimiento de Afectados por Represas &#8211; MAR\"  href=\"https:\/\/mab.org.br\/wp-content\/uploads\/2020\/06\/image_processing20200201-29235-1r63qn.jpg\" class=\"ctl_prettyPhoto\"><img loading=\"lazy\" decoding=\"async\" width=\"611\" height=\"393\" src=\"https:\/\/mab.org.br\/wp-content\/uploads\/2020\/06\/image_processing20200201-29235-1r63qn.jpg\" class=\"story-img wp-post-image\" alt=\"Funda\u00e7\u00e3o do Movimiento de Afectados por Represas &#8211; MAR\" \/><\/a><\/div><div class=\"content-details\"><h2 class=\"content-title-2\"><a title=\"Funda\u00e7\u00e3o do Movimiento de Afectados por Represas &#8211; MAR\" href=\"https:\/\/mab.org.br\/en\/timeline\/fundacao-do-mar-movimiento-de-afectados-por-represas\/\">Funda\u00e7\u00e3o do Movimiento de Afectados por Represas &#8211; MAR<\/a><\/h2><p>Durante o 4\u00ba Encontro Internacional de Ci\u00eancias Sociais e Barragens, realizado na Universidade Federal da Fronteira Sul, em Chapec\u00f3 (SC), entre os dias 19 e 23 de setembro, foi fundado o <strong>Movimiento de\u00a0Afectados por Represas na Am\u00e9rica Latina\u00a0(MAR),<\/strong> constitu\u00eddo por organiza\u00e7\u00f5es de 12 pa\u00edses, M\u00e9xico, Col\u00f4mbia, Brasil, Chile, Honduras, Guatemala, Bol\u00edvia, El Salvador, Argentina, Peru, Brasil e Cuba. Desde 2010, essa organiza\u00e7\u00e3o de movimentos populares que fazem a luta contra as barragens estava sendo gestada. Nesses anos, foram se intensificando as articula\u00e7\u00f5es internacionais na Am\u00e9rica Latina a partir da an\u00e1lise de que os problemas dos atingidos e a forma de atua\u00e7\u00e3o das empresas e dos estados nacionais eram praticamente os mesmos no que se refere a constru\u00e7\u00e3o de barragens e viola\u00e7\u00f5es de direitos.<\/p>\n<\/div><\/div><\/div><!-- timeline content --><\/div>\r\n        <!-- .timeline-post-end --><div data-cls=\"sc-nv-design-3 white-timeline\" class=\"timeline-year scrollable-section design-3-year\"data-section-title=\"2017\" id=\"year-2017\"> <div class=\"icon-placeholder\"><span  class=\"ctl-timeline-date\">2017<\/span><\/div><div class=\"timeline-bar\"><\/div><\/div><!-- .timeline-post-start--><div data-alternate=\"17\" id=\"story-12831\" class=\"timeline-post odd light-grey-post icons_no post-12831 story-cat-18  design-3-meta\"><div class=\"timeline-meta\"><div class=\"meta-details\">Oct 2017<\/div><\/div><div class=\"timeline-icon icon-dot-full design-3-dot\"><div class=\"timeline-bar\"><\/div><\/div><div   id=\"story-12831\" class=\"timeline-content  clearfix odd  full design-3-content \"><div class=\"ctl_info event-description full\"><div class=\"full-width\"><a title=\"8\u00ba Encontro Nacional do MAB\"  href=\"https:\/\/mab.org.br\/wp-content\/uploads\/2020\/06\/50497585918_3a157a25c8_k.jpg\" class=\"ctl_prettyPhoto\"><img loading=\"lazy\" decoding=\"async\" width=\"1024\" height=\"683\" src=\"https:\/\/mab.org.br\/wp-content\/uploads\/2020\/06\/50497585918_3a157a25c8_k.jpg\" class=\"story-img wp-post-image\" alt=\"8\u00ba Encontro Nacional do MAB\" \/><\/a><\/div><div class=\"content-details\"><h2 class=\"content-title-2\"><a title=\"8\u00ba Encontro Nacional do MAB\" href=\"https:\/\/mab.org.br\/en\/timeline\/8o-encontro-nacional-do-mab\/\">8\u00ba Encontro Nacional do MAB<\/a><\/h2><p>O maior encontro de atingidos por barragens da hist\u00f3ria do Brasil realizado at\u00e9 o momento aconteceu entre 1 e 5 de outubro,<strong> no Rio de Janeiro. Participaram do 8\u00b0 Encontro Nacional do MAB<\/strong> mais de 3.500 atingidos organizados no MAB, centenas de trabalhadores e militantes de organiza\u00e7\u00f5es de 19 pa\u00edses. A atividade ocorreu no centen\u00e1rio da Revolu\u00e7\u00e3o Russa, e afirmou a necessidade de unidade da classe trabalhadora no Brasil pela soberania nacional, e definiu os rumos para a luta de <strong>um Projeto Energ\u00e9tico Popular com soberania, distribui\u00e7\u00e3o da riqueza e controle popular.<\/strong> Como marco, foi realizada uma grande marcha, que contou com a presen\u00e7a de cerca de 20 mil pessoas no cora\u00e7\u00e3o da cidade, no caminho entre as duas grandes estatais de energia do pa\u00eds, a Eletrobras e a Petrobras.<\/p>\n<\/div><\/div><\/div><!-- timeline content --><\/div>\r\n        <!-- .timeline-post-end --><div data-cls=\"sc-nv-design-3 white-timeline\" class=\"timeline-year scrollable-section design-3-year\"data-section-title=\"2019\" id=\"year-2019\"> <div class=\"icon-placeholder\"><span  class=\"ctl-timeline-date\">2019<\/span><\/div><div class=\"timeline-bar\"><\/div><\/div><!-- .timeline-post-start--><div data-alternate=\"18\" id=\"story-12993\" class=\"timeline-post even light-grey-post icons_no post-12993 story-cat-18  design-3-meta\"><div class=\"timeline-meta\"><div class=\"meta-details\">Jan 2019<\/div><\/div><div class=\"timeline-icon icon-dot-full design-3-dot\"><div class=\"timeline-bar\"><\/div><\/div><div   id=\"story-12993\" class=\"timeline-content  clearfix even  full design-3-content \"><div class=\"ctl_info event-description full\"><div class=\"full-width\"><a title=\"Rompimento da barragem da Vale em Brumadinho (MG)\"  href=\"https:\/\/mab.org.br\/wp-content\/uploads\/2020\/06\/EPK80hLX0AAOyBn.jpg\" class=\"ctl_prettyPhoto\"><img loading=\"lazy\" decoding=\"async\" width=\"1024\" height=\"683\" src=\"https:\/\/mab.org.br\/wp-content\/uploads\/2020\/06\/EPK80hLX0AAOyBn-1024x683.jpg\" class=\"story-img wp-post-image\" alt=\"Rompimento da barragem da Vale em Brumadinho (MG)\" srcset=\"https:\/\/mab.org.br\/wp-content\/uploads\/2020\/06\/EPK80hLX0AAOyBn-1024x683.jpg 1024w, https:\/\/mab.org.br\/wp-content\/uploads\/2020\/06\/EPK80hLX0AAOyBn-300x200.jpg 300w, https:\/\/mab.org.br\/wp-content\/uploads\/2020\/06\/EPK80hLX0AAOyBn-768x512.jpg 768w, https:\/\/mab.org.br\/wp-content\/uploads\/2020\/06\/EPK80hLX0AAOyBn-272x182.jpg 272w, https:\/\/mab.org.br\/wp-content\/uploads\/2020\/06\/EPK80hLX0AAOyBn.jpg 1200w\" sizes=\"auto, (max-width: 1024px) 100vw, 1024px\" \/><\/a><\/div><div class=\"content-details\"><h2 class=\"content-title-2\"><a title=\"Rompimento da barragem da Vale em Brumadinho (MG)\" href=\"https:\/\/mab.org.br\/en\/timeline\/rompimento-da-barragem-da-vale-em-brumadinho-mg\/\">Rompimento da barragem da Vale em Brumadinho (MG)<\/a><\/h2><p>Pouco depois de tr\u00eas anos do rompimento da barragem de Fund\u00e3o, o estado de Minas Gerais chorou de novo &#8211; em mais um crime causado pela Vale. Choramos juntos a morte de 272 pessoas e a destrui\u00e7\u00e3o do rio Paraopeba com o <strong>rompimento da barragem da Vale em Brumadinho, em 25 de janeiro<\/strong>. Foi o maior acidente de trabalho da hist\u00f3ria do nosso pa\u00eds. Mas, n\u00f3s nos levantamos, fortalecemos nossa organiza\u00e7\u00e3o na regi\u00e3o e fizemos a den\u00fancia nacional e internacional dessa empresa reicidente e assassina, seguimos, com firmeza, na luta pelo direito dos atingidos. <strong>\u201cPor \u00e1gua, energia e soberania dos povos\u201d <\/strong>foi a palavra de ordem do <strong>1\u00b0 Encontro Continental de Atingidos por Barragens, que aconteceu no Panam\u00e1<\/strong> entre 24 e 27 de setembro, organizado pelo Movimiento de Afectados por Represas de Latinoam\u00e9rica y el Caribe (MAR) e organiza\u00e7\u00f5es aliadas. O encontro reuniu atingidos por barragens e por projetos minero-energ\u00e9ticos, trabalhadores do setor energ\u00e9tico e organiza\u00e7\u00f5es aliadas de 21 pa\u00edses de todo o continente americano, al\u00e9m de convidados de outras partes do mundo. O encontro teve por objetivo principal avaliar o processo de constru\u00e7\u00e3o do MAR na Am\u00e9rica Latina, analizar a conjuntura latinoamericana e reafirmar a resist\u00eancia nos territ\u00f3rios contra as barragens.<\/p>\n<\/div><\/div><\/div><!-- timeline content --><\/div>\r\n        <!-- .timeline-post-end --><div data-cls=\"sc-nv-design-3 white-timeline\" class=\"timeline-year scrollable-section design-3-year\"data-section-title=\"2023\" id=\"year-2023\"> <div class=\"icon-placeholder\"><span  class=\"ctl-timeline-date\">2023<\/span><\/div><div class=\"timeline-bar\"><\/div><\/div><!-- .timeline-post-start--><div data-alternate=\"19\" id=\"story-77980\" class=\"timeline-post odd light-grey-post icons_no post-77980 story-cat-18  design-3-meta\"><div class=\"timeline-meta\"><div class=\"meta-details\">Nov 2023<\/div><\/div><div class=\"timeline-icon icon-dot-full design-3-dot\"><div class=\"timeline-bar\"><\/div><\/div><div   id=\"story-77980\" class=\"timeline-content  clearfix odd  full design-3-content \"><div class=\"ctl_info event-description full\"><div class=\"full-width\"><a title=\"Jornada de Lutas &#8211; \u00c9 Tempo de Avan\u00e7ar\"  href=\"https:\/\/mab.org.br\/wp-content\/uploads\/2026\/02\/Foto_-Cleiton-Santos-_-AEDAS-1.jpg\" class=\"ctl_prettyPhoto\"><img loading=\"lazy\" decoding=\"async\" width=\"1024\" height=\"580\" src=\"https:\/\/mab.org.br\/wp-content\/uploads\/2026\/02\/Foto_-Cleiton-Santos-_-AEDAS-1-1024x580.jpg\" class=\"story-img wp-post-image\" alt=\"Jornada de Lutas &#8211; \u00c9 Tempo de Avan\u00e7ar\" srcset=\"https:\/\/mab.org.br\/wp-content\/uploads\/2026\/02\/Foto_-Cleiton-Santos-_-AEDAS-1-1024x580.jpg 1024w, https:\/\/mab.org.br\/wp-content\/uploads\/2026\/02\/Foto_-Cleiton-Santos-_-AEDAS-1-300x170.jpg 300w, https:\/\/mab.org.br\/wp-content\/uploads\/2026\/02\/Foto_-Cleiton-Santos-_-AEDAS-1-768x435.jpg 768w, https:\/\/mab.org.br\/wp-content\/uploads\/2026\/02\/Foto_-Cleiton-Santos-_-AEDAS-1-205x116.jpg 205w, https:\/\/mab.org.br\/wp-content\/uploads\/2026\/02\/Foto_-Cleiton-Santos-_-AEDAS-1-480x272.jpg 480w, https:\/\/mab.org.br\/wp-content\/uploads\/2026\/02\/Foto_-Cleiton-Santos-_-AEDAS-1.jpg 1307w\" sizes=\"auto, (max-width: 1024px) 100vw, 1024px\" \/><\/a><\/div><div class=\"content-details\"><h2 class=\"content-title-2\"><a title=\"Jornada de Lutas &#8211; \u00c9 Tempo de Avan\u00e7ar\" href=\"https:\/\/mab.org.br\/en\/timeline\/jornada-de-lutas-e-tempo-de-avancar\/\">Jornada de Lutas &#8211; \u00c9 Tempo de Avan\u00e7ar<\/a><\/h2><p><span style=\"font-weight: 400;\">Foram mais de 2500 atingidos de 20 estados do pa\u00eds que rumaram \u00e0 Bras\u00edlia para a Jornada de Lutas do MAB. De 04 a 07 de novembro, a mobiliza\u00e7\u00e3o apresentou na capital do pa\u00eds a reivindica\u00e7\u00e3o das popula\u00e7\u00f5es atingidas: repara\u00e7\u00e3o, efetiva\u00e7\u00e3o dos direitos e pol\u00edticas\u00a0<\/span><span style=\"font-weight: 400;\">de prote\u00e7\u00e3o social por parte do Estado brasileiro.<\/span><\/p>\n<p><span style=\"font-weight: 400;\">Entre as pautas, a principal estava na boca de cada um e de cada uma: Aprova a PNAB j\u00e1!<\/span><\/p>\n<p><br style=\"font-weight: 400;\" \/><br style=\"font-weight: 400;\" \/><\/p>\n<\/div><\/div><\/div><!-- timeline content --><\/div>\r\n        <!-- .timeline-post-end --><!-- .timeline-post-start--><div data-alternate=\"20\" id=\"story-77981\" class=\"timeline-post even light-grey-post icons_no post-77981 story-cat-18  design-3-meta\"><div class=\"timeline-meta\"><div class=\"meta-details\">Nov 2023<\/div><\/div><div class=\"timeline-icon icon-dot-full design-3-dot\"><div class=\"timeline-bar\"><\/div><\/div><div   id=\"story-77981\" class=\"timeline-content  clearfix even  full design-3-content \"><div class=\"ctl_info event-description full\"><div class=\"full-width\"><a title=\"San\u00e7\u00e3o da PNAB (Lei n\u00ba 14.755)\"  href=\"https:\/\/mab.org.br\/wp-content\/uploads\/2026\/02\/Foto_-Bruno-Peres-_-ASCOM-SG-PR-scaled.jpg\" class=\"ctl_prettyPhoto\"><img loading=\"lazy\" decoding=\"async\" width=\"1024\" height=\"683\" src=\"https:\/\/mab.org.br\/wp-content\/uploads\/2026\/02\/Foto_-Bruno-Peres-_-ASCOM-SG-PR-1024x683.jpg\" class=\"story-img wp-post-image\" alt=\"San\u00e7\u00e3o da PNAB (Lei n\u00ba 14.755)\" srcset=\"https:\/\/mab.org.br\/wp-content\/uploads\/2026\/02\/Foto_-Bruno-Peres-_-ASCOM-SG-PR-1024x683.jpg 1024w, https:\/\/mab.org.br\/wp-content\/uploads\/2026\/02\/Foto_-Bruno-Peres-_-ASCOM-SG-PR-300x200.jpg 300w, https:\/\/mab.org.br\/wp-content\/uploads\/2026\/02\/Foto_-Bruno-Peres-_-ASCOM-SG-PR-768x512.jpg 768w, https:\/\/mab.org.br\/wp-content\/uploads\/2026\/02\/Foto_-Bruno-Peres-_-ASCOM-SG-PR-1536x1024.jpg 1536w, https:\/\/mab.org.br\/wp-content\/uploads\/2026\/02\/Foto_-Bruno-Peres-_-ASCOM-SG-PR-2048x1365.jpg 2048w, https:\/\/mab.org.br\/wp-content\/uploads\/2026\/02\/Foto_-Bruno-Peres-_-ASCOM-SG-PR-205x137.jpg 205w, https:\/\/mab.org.br\/wp-content\/uploads\/2026\/02\/Foto_-Bruno-Peres-_-ASCOM-SG-PR-480x320.jpg 480w, https:\/\/mab.org.br\/wp-content\/uploads\/2026\/02\/Foto_-Bruno-Peres-_-ASCOM-SG-PR-272x182.jpg 272w\" sizes=\"auto, (max-width: 1024px) 100vw, 1024px\" \/><\/a><\/div><div class=\"content-details\"><h2 class=\"content-title-2\"><a title=\"San\u00e7\u00e3o da PNAB (Lei n\u00ba 14.755)\" href=\"https:\/\/mab.org.br\/en\/timeline\/sancao-da-pnab-lei-no-14-755\/\">San\u00e7\u00e3o da PNAB (Lei n\u00ba 14.755)<\/a><\/h2><p><span style=\"font-weight: 400;\">Foram quase 40 anos desde as primeiras lutas at\u00e9 a aprova\u00e7\u00e3o da Pol\u00edtica Nacional de Direitos das Popula\u00e7\u00f5es Atingidas por Barragens, em novembro de 2023. A san\u00e7\u00e3o da PNAB pelo Presidente Lula, em 15 de dezembro do mesmo ano, marcou<\/span><span style=\"font-weight: 400;\"> um novo cap\u00edtulo na hist\u00f3ria do Brasil, que come\u00e7ou a dar os primeiros passos rum<\/span><span style=\"font-weight: 400;\">o \u00e0 repara\u00e7\u00e3o justa e integral das fam\u00edlias atingidas pelo processo de constru\u00e7\u00e3o ou pelo rompimento de <\/span><span style=\"font-weight: 400;\">barragens. Em 09 de maio de 2019, foi apresentado o <\/span><span style=\"font-weight: 400;\">Projeto de Lei n\u00ba 2788\/2019 na C\u00e2mara dos Deputados, que contou com amplo apoio e, em novembro de 2023, foi aprovado por unanimidade no Senado Federal. Hoje, uma nova etapa da luta dos atingidos \u00e9 pela regulamenta\u00e7\u00e3o da PNAB.<\/span><\/p>\n<\/div><\/div><\/div><!-- timeline content --><\/div>\r\n        <!-- .timeline-post-end --><div data-cls=\"sc-nv-design-3 white-timeline\" class=\"timeline-year scrollable-section design-3-year\"data-section-title=\"2024\" id=\"year-2024\"> <div class=\"icon-placeholder\"><span  class=\"ctl-timeline-date\">2024<\/span><\/div><div class=\"timeline-bar\"><\/div><\/div><!-- .timeline-post-start--><div data-alternate=\"21\" id=\"story-77982\" class=\"timeline-post odd light-grey-post icons_no post-77982 story-cat-18  design-3-meta\"><div class=\"timeline-meta\"><div class=\"meta-details\">May 2024<\/div><\/div><div class=\"timeline-icon icon-dot-full design-3-dot\"><div class=\"timeline-bar\"><\/div><\/div><div   id=\"story-77982\" class=\"timeline-content  clearfix odd  full design-3-content \"><div class=\"ctl_info event-description full\"><div class=\"full-width\"><a title=\"Os extremos da crise clim\u00e1tica\"  href=\"https:\/\/mab.org.br\/wp-content\/uploads\/2025\/06\/Francisco-Proner-Rio-Grande-do-Sul-08600.jpeg\" class=\"ctl_prettyPhoto\"><img loading=\"lazy\" decoding=\"async\" width=\"1024\" height=\"683\" src=\"https:\/\/mab.org.br\/wp-content\/uploads\/2025\/06\/Francisco-Proner-Rio-Grande-do-Sul-08600-1024x683.jpeg\" class=\"story-img wp-post-image\" alt=\"Os extremos da crise clim\u00e1tica\" srcset=\"https:\/\/mab.org.br\/wp-content\/uploads\/2025\/06\/Francisco-Proner-Rio-Grande-do-Sul-08600-1024x683.jpeg 1024w, https:\/\/mab.org.br\/wp-content\/uploads\/2025\/06\/Francisco-Proner-Rio-Grande-do-Sul-08600-300x200.jpeg 300w, https:\/\/mab.org.br\/wp-content\/uploads\/2025\/06\/Francisco-Proner-Rio-Grande-do-Sul-08600-768x512.jpeg 768w, https:\/\/mab.org.br\/wp-content\/uploads\/2025\/06\/Francisco-Proner-Rio-Grande-do-Sul-08600-205x137.jpeg 205w, https:\/\/mab.org.br\/wp-content\/uploads\/2025\/06\/Francisco-Proner-Rio-Grande-do-Sul-08600-480x320.jpeg 480w\" sizes=\"auto, (max-width: 1024px) 100vw, 1024px\" \/><\/a><\/div><div class=\"content-details\"><h2 class=\"content-title-2\"><a title=\"Os extremos da crise clim\u00e1tica\" href=\"https:\/\/mab.org.br\/en\/timeline\/os-extremos-da-crise-climatica\/\">Os extremos da crise clim\u00e1tica<\/a><\/h2><p><span style=\"font-weight: 400;\">As dr\u00e1sticas enchentes no Rio Grande do Sul e a severa seca na Amaz\u00f4nia, em 2023 e 2024, evidenciaram ao Movimento dos Atingidos por Barragens a necessidade de ampliar sua atua\u00e7\u00e3o. Diante dos eventos extremos agravados pela crise clim\u00e1tica, o MAB intensificou sua a\u00e7\u00e3o junto \u00e0s v\u00edtimas desses novos desastres socioambientais e aprofundou o debate sobre as mudan\u00e7as do clima.<\/span><\/p>\n<p><span style=\"font-weight: 400;\">No Rio Grande do Sul, apenas a enchente de maio de 2024 deixou um rastro de 178 mortes e afetou mais de dois milh\u00f5es de pessoas em 478 munic\u00edpios. No Norte do pa\u00eds, a seca em 2023 tornou extensos trechos dos rios Amazonas e Negro totalmente inaveg\u00e1veis, isolando comunidades inteiras e deixando popula\u00e7\u00f5es ribeirinhas sem acesso a \u00e1gua pot\u00e1vel e alimentos.<\/span><\/p>\n<p><span style=\"font-weight: 400;\">Esse cen\u00e1rio, que se agrava a cada ano, exige respostas imediatas e efetivas dos governos. Hoje, os atingidos organizam-se na luta por reconhecimento, por repara\u00e7\u00e3o integral dos danos e pela implementa\u00e7\u00e3o de pol\u00edticas permanentes de preven\u00e7\u00e3o e a\u00e7\u00e3o diante de eventos clim\u00e1ticos extremos \u2014 com aten\u00e7\u00e3o priorit\u00e1ria \u00e0s popula\u00e7\u00f5es em situa\u00e7\u00e3o de maior vulnerabilidade.<\/span><\/p>\n<p><br style=\"font-weight: 400;\" \/><br style=\"font-weight: 400;\" \/><\/p>\n<\/div><\/div><\/div><!-- timeline content --><\/div>\r\n        <!-- .timeline-post-end --><div data-cls=\"sc-nv-design-3 white-timeline\" class=\"timeline-year scrollable-section design-3-year\"data-section-title=\"2025\" id=\"year-2025\"> <div class=\"icon-placeholder\"><span  class=\"ctl-timeline-date\">2025<\/span><\/div><div class=\"timeline-bar\"><\/div><\/div><!-- .timeline-post-start--><div data-alternate=\"22\" id=\"story-77976\" class=\"timeline-post even light-grey-post icons_no post-77976 story-cat-18  design-3-meta\"><div class=\"timeline-meta\"><div class=\"meta-details\">Nov 2025<\/div><\/div><div class=\"timeline-icon icon-dot-full design-3-dot\"><div class=\"timeline-bar\"><\/div><\/div><div   id=\"story-77976\" class=\"timeline-content  clearfix even  full design-3-content \"><div class=\"ctl_info event-description full\"><div class=\"full-width\"><a title=\"IV Encontro Internacional de Atingidos\"  href=\"https:\/\/mab.org.br\/wp-content\/uploads\/2026\/04\/Foto-Capa-Delegacoes-de-45-paises-criam-movimento-internacional-unificado-de-atingidos.-Foto_-Marcelo-Aguillar_MAB-1536x1024-1.jpg\" class=\"ctl_prettyPhoto\"><img loading=\"lazy\" decoding=\"async\" width=\"1024\" height=\"683\" src=\"https:\/\/mab.org.br\/wp-content\/uploads\/2026\/04\/Foto-Capa-Delegacoes-de-45-paises-criam-movimento-internacional-unificado-de-atingidos.-Foto_-Marcelo-Aguillar_MAB-1536x1024-1-1024x683.jpg\" class=\"story-img wp-post-image\" alt=\"IV Encontro Internacional de Atingidos\" srcset=\"https:\/\/mab.org.br\/wp-content\/uploads\/2026\/04\/Foto-Capa-Delegacoes-de-45-paises-criam-movimento-internacional-unificado-de-atingidos.-Foto_-Marcelo-Aguillar_MAB-1536x1024-1-1024x683.jpg 1024w, https:\/\/mab.org.br\/wp-content\/uploads\/2026\/04\/Foto-Capa-Delegacoes-de-45-paises-criam-movimento-internacional-unificado-de-atingidos.-Foto_-Marcelo-Aguillar_MAB-1536x1024-1-300x200.jpg 300w, https:\/\/mab.org.br\/wp-content\/uploads\/2026\/04\/Foto-Capa-Delegacoes-de-45-paises-criam-movimento-internacional-unificado-de-atingidos.-Foto_-Marcelo-Aguillar_MAB-1536x1024-1-768x512.jpg 768w, https:\/\/mab.org.br\/wp-content\/uploads\/2026\/04\/Foto-Capa-Delegacoes-de-45-paises-criam-movimento-internacional-unificado-de-atingidos.-Foto_-Marcelo-Aguillar_MAB-1536x1024-1-205x137.jpg 205w, https:\/\/mab.org.br\/wp-content\/uploads\/2026\/04\/Foto-Capa-Delegacoes-de-45-paises-criam-movimento-internacional-unificado-de-atingidos.-Foto_-Marcelo-Aguillar_MAB-1536x1024-1-480x320.jpg 480w, https:\/\/mab.org.br\/wp-content\/uploads\/2026\/04\/Foto-Capa-Delegacoes-de-45-paises-criam-movimento-internacional-unificado-de-atingidos.-Foto_-Marcelo-Aguillar_MAB-1536x1024-1-272x182.jpg 272w, https:\/\/mab.org.br\/wp-content\/uploads\/2026\/04\/Foto-Capa-Delegacoes-de-45-paises-criam-movimento-internacional-unificado-de-atingidos.-Foto_-Marcelo-Aguillar_MAB-1536x1024-1.jpg 1536w\" sizes=\"auto, (max-width: 1024px) 100vw, 1024px\" \/><\/a><\/div><div class=\"content-details\"><h2 class=\"content-title-2\"><a title=\"IV Encontro Internacional de Atingidos\" href=\"https:\/\/mab.org.br\/en\/timeline\/iv-encontro-internacional-de-atingidos\/\">IV Encontro Internacional de Atingidos<\/a><\/h2><p><span style=\"font-weight: 400;\">O IV Encontro Internacional de Atingidos por Barragens e Crise Clim\u00e1tica aconteceu em Bel\u00e9m (PA), de 06 a 11 de novembro de 2025. O encontro, realizado durante a COP 30 e sucedido pela C\u00fapula dos Povos, marcou a funda\u00e7\u00e3o do Movimento Internacional de Atingidos por Barragens, Crimes Socioambientais e Crise Clim\u00e1tica.<\/span><\/p>\n<p><span style=\"font-weight: 400;\">Os participantes, mais de 200 delegados de 45 pa\u00edses, refor\u00e7aram nestes dias a import\u00e2ncia de internacionalizar a luta dos atingidos e de garantir que as pol\u00edticas p\u00fablicas incorporem a voz das comunidades na formula\u00e7\u00e3o de respostas \u00e0 crise clim\u00e1tica, reafirmando que sem participa\u00e7\u00e3o popular, n\u00e3o h\u00e1 transi\u00e7\u00e3o justa nem justi\u00e7a clim\u00e1tica.<\/span><\/p>\n<\/div><\/div><\/div><!-- timeline content --><\/div>\r\n        <!-- .timeline-post-end --><div  class=\"end-timeline clearfix\"><\/div><\/div><\/div><\/div>  <!-- end\r\n================================================== --><style type=\"text\/css\">.cool-timeline.dark-timeline #story-12605 .icon-dot-full,.cool-timeline.white-timeline #story-12605 .icon-dot-full,.cool-timeline.white-timeline #story-12605 .timeline-content .content-title, .cool-timeline.white-timeline.compact .timeline-post.icons_yes#story-12605 .timeline-icon, .cool-timeline.white-timeline #story-12605.timeline-post .timeline-icon,.cool-timeline.dark-timeline #story-12605.timeline-post .timeline-icon,.cool-timeline.dark-timeline .timeline-post #story-12605.timeline-content .content-details a.ctl_read_more{background:#1e73be;}        .cool-timeline.white-timeline #story-12605 .timeline-meta .meta-details,.cool-timeline.dark-timeline #story-12605 .timeline-meta .meta-details,.cool-timeline.white-timeline #story-12605.timeline-content h2.content-title-2 a,.cool-timeline.light-timeline #story-12605.timeline-content h2.content-title-2 a,.cool-timeline.white-timeline #story-12605.timeline-content h2.content-title- .cool-timeline.light-timeline #story-12605.timeline-content h2.content-title- .cool-timeline.white-timeline.compact #story-12605.timeline-content .clt-compact-date,.main-design-5 .cool-timeline.white-timeline .timeline-post #story-12605.timeline-content h2.content-title a,.main-design-5 .cool-timeline.light-timeline .timeline-post #story-12605.timeline-content h2.content-title a,.main-design-6 .cool-timeline.white-timeline .timeline-post #story-12605.timeline-content h2.content-title-2 a,.main-design-6 .cool-timeline.light-timeline .timeline-post #story-12605.timeline-content h2.content-title-2 a{color:#1e73be;}.main-design-6 .cool-timeline #story-12605.timeline-post .timeline-icon.design-6-icon {padding-top:12px;color:#fff;}.main-design-6 .cool-timeline.compact #story-12605.timeline-post .timeline-icon.design-6-icon {padding-top:0px;color:#fff;}.cool-timeline.dark-timeline .black-post #story-12605.timeline-content, .cool-timeline.dark-timeline .timeline-post #story-12605.timeline-content img{background:#1e73be;box-shadow:none;border-color:#1e73be;}.main-design-4 .cool-timeline.white-timeline #story-12605.timeline-content .content-title:before,.main-design-4 .cool-timeline.dark-timeline #story-12605.timeline-content .content-title:before,.main-design-3 #story-12605.timeline-content,.main-design-6 .cool-timeline.dark-timeline.compact #story-12605.timeline-post .timeline-icon{ border-color:#1e73be;}        .cool-timeline.white-timeline #story-12605.even  .timeline-content .content-title:before , .cool-timeline.white-timeline #story-12605.even .timeline-content:before,.main-design-3 .cool-timeline.light-timeline #story-12605.even .timeline-content:before,.cool-timeline.dark-timeline #story-12605.even .timeline-content:before, .cool-timeline.dark-timeline #story-12605.even .timeline-content .content-title:before{border-right-color:#1e73be;}        .cool-timeline.white-timeline #story-12605.odd  .timeline-content .content-title:before, .cool-timeline.white-timeline #story-12605.odd .timeline-content:before,.main-design-3 .cool-timeline.light-timeline #story-12605.odd .timeline-content:before,.cool-timeline.dark-timeline #story-12605.odd .timeline-content:before, .cool-timeline.dark-timeline #story-12605.odd .timeline-content .content-title:before{border-left-color:#1e73be; }        .cool-timeline.white-timeline.compact .timeline-post.timeline-mansory.ctl-right#story-12605 .timeline-content .content-title:after,.cool-timeline.dark-timeline.compact .timeline-post.timeline-mansory.ctl-right#story-12605 .timeline-content .content-title:after{ border-right-color:#1e73be;}        .cool-timeline.white-timeline.compact .timeline-post.timeline-mansory.ctl-left#story-12605 .timeline-content .content-title:after,.cool-timeline.dark-timeline.compact .timeline-post.timeline-mansory.ctl-left#story-12605 .timeline-content .content-title:after{ border-left-color:#1e73be; }.cool-timeline.white-timeline.one-sided #story-12605 .timeline-content .content-title:before,.cool-timeline.white-timeline.one-sided #story-12605 .timeline-content:before,.cool-timeline.light-timeline.one-sided #story-12605.odd .timeline-content:before,.cool-timeline.dark-timeline.one-sided #story-12605 .timeline-content .content-title:before,.cool-timeline.dark-timeline.one-sided #story-12605 .timeline-content:before,.cool-timeline.white-timeline.compact #story-12605.odd.ctl-right .timeline-content:before,.cool-timeline.white-timeline.compact #story-12605.even.ctl-right .timeline-content:before,.cool-timeline.dark-timeline.compact #story-12605.odd.ctl-right .timeline-content:before,.cool-timeline.dark-timeline.compact #story-12605.even.ctl-right .timeline-content:before,.main-design-3 .cool-timeline.light-timeline.compact #story-12605.odd.ctl-right .timeline-content:before,.main-design-3 .cool-timeline.light-timeline.compact #story-12605.even.ctl-right .timeline-content:before{ border-left-color:transparent; border-right-color:#1e73be; }.cool-timeline.white-timeline.compact #story-12605.odd.ctl-left .timeline-content:before,.cool-timeline.white-timeline.compact #story-12605.even.ctl-left .timeline-content:before,.cool-timeline.dark-timeline.compact #story-12605.odd.ctl-left .timeline-content:before,.cool-timeline.dark-timeline.compact #story-12605.even.ctl-left .timeline-content:before{ border-right-color:transparent; border-left-color:#1e73be; }@media (max-width:860px) {.cool-timeline.dark-timeline #story-12605.odd .timeline-content .content-title:before, .cool-timeline.dark-timeline #story-12605.even .timeline-content .content-title:before, .cool-timeline.dark-timeline #story-12605.odd .timeline-content:before, .cool-timeline.dark-timeline #story-12605.even .timeline-content:before, .cool-timeline.white-timeline #story-12605.odd .timeline-content .content-title:before, .cool-timeline.white-timeline #story-12605.even .timeline-content .content-title:before, .cool-timeline.white-timeline #story-12605.odd .timeline-content:before, .cool-timeline.white-timeline #story-12605.even .timeline-content:before,.cool-timeline.white-timeline.compact .timeline-post.timeline-mansory.ctl-left#story-12605 .timeline-content .content-title:after,.cool-timeline.white-timeline.compact .timeline-post.timeline-mansory.ctl-right#story-12605 .timeline-content .content-title:after,.cool-timeline.dark-timeline.compact .timeline-post.timeline-mansory.ctl-left#story-12605 .timeline-content .content-title:after,.cool-timeline.dark-timeline.compact .timeline-post.timeline-mansory.ctl-right#story-12605 .timeline-content .content-title:after,.main-design-3 .cool-timeline.light-timeline #story-12605.even .timeline-content:before,.main-design-3 .cool-timeline.light-timeline #story-12605.odd .timeline-content:before,.cool-timeline.white-timeline.compact #story-12605.odd.ctl-left .timeline-content:before,.cool-timeline.white-timeline.compact #story-12605.even.ctl-left .timeline-content:before,.cool-timeline.dark-timeline.compact #story-12605.odd.ctl-left .timeline-content:before,.cool-timeline.dark-timeline.compact #story-12605.even.ctl-left .timeline-content:before{border-left-color:transparent;border-right-color:#1e73be;}.main-design-3 #story-12605.timeline-content{border-right:transparent;}}<\/style>\n","protected":false},"excerpt":{"rendered":"","protected":false},"author":1,"featured_media":0,"parent":0,"menu_order":0,"comment_status":"closed","ping_status":"closed","template":"template-grid-title.php","meta":{"_acf_changed":false,"_monsterinsights_skip_tracking":false,"_monsterinsights_sitenote_active":false,"_monsterinsights_sitenote_note":"","_monsterinsights_sitenote_category":0,"footnotes":""},"class_list":["post-47658","page","type-page","status-publish","hentry"],"acf":[],"yoast_head":"<!-- This site is optimized with the Yoast SEO plugin v27.5 - https:\/\/yoast.com\/product\/yoast-seo-wordpress\/ -->\n<title>Timeline - MAB - Movimento dos Atingidos por Barragens<\/title>\n<meta name=\"robots\" content=\"index, follow, max-snippet:-1, max-image-preview:large, max-video-preview:-1\" \/>\n<link rel=\"canonical\" href=\"https:\/\/mab.org.br\/en\/timeline-en\/\" \/>\n<meta property=\"og:locale\" content=\"en_US\" \/>\n<meta property=\"og:type\" content=\"article\" \/>\n<meta property=\"og:title\" content=\"Timeline - MAB - Movimento dos Atingidos por Barragens\" \/>\n<meta property=\"og:url\" content=\"https:\/\/mab.org.br\/en\/timeline-en\/\" \/>\n<meta property=\"og:site_name\" content=\"MAB - Movimento dos Atingidos por Barragens\" \/>\n<meta property=\"article:modified_time\" content=\"2024-01-29T18:19:39+00:00\" \/>\n<meta property=\"og:image\" content=\"https:\/\/mab.org.br\/wp-content\/uploads\/2025\/12\/logo_rectangular.png\" \/>\n\t<meta property=\"og:image:width\" content=\"1200\" \/>\n\t<meta property=\"og:image:height\" content=\"800\" \/>\n\t<meta property=\"og:image:type\" content=\"image\/png\" \/>\n<meta name=\"twitter:card\" content=\"summary_large_image\" \/>\n<script type=\"application\/ld+json\" class=\"yoast-schema-graph\">{\"@context\":\"https:\\\/\\\/schema.org\",\"@graph\":[{\"@type\":\"WebPage\",\"@id\":\"https:\\\/\\\/mab.org.br\\\/en\\\/timeline-en\\\/\",\"url\":\"https:\\\/\\\/mab.org.br\\\/en\\\/timeline-en\\\/\",\"name\":\"Timeline - MAB - Movimento dos Atingidos por Barragens\",\"isPartOf\":{\"@id\":\"https:\\\/\\\/mab.org.br\\\/en\\\/#website\"},\"datePublished\":\"2020-04-22T18:27:39+00:00\",\"dateModified\":\"2024-01-29T18:19:39+00:00\",\"breadcrumb\":{\"@id\":\"https:\\\/\\\/mab.org.br\\\/en\\\/timeline-en\\\/#breadcrumb\"},\"inLanguage\":\"en-US\",\"potentialAction\":[{\"@type\":\"ReadAction\",\"target\":[\"https:\\\/\\\/mab.org.br\\\/en\\\/timeline-en\\\/\"]}]},{\"@type\":\"BreadcrumbList\",\"@id\":\"https:\\\/\\\/mab.org.br\\\/en\\\/timeline-en\\\/#breadcrumb\",\"itemListElement\":[{\"@type\":\"ListItem\",\"position\":1,\"name\":\"In\u00edcio\",\"item\":\"https:\\\/\\\/mab.org.br\\\/en\\\/\"},{\"@type\":\"ListItem\",\"position\":2,\"name\":\"Timeline\"}]},{\"@type\":\"WebSite\",\"@id\":\"https:\\\/\\\/mab.org.br\\\/en\\\/#website\",\"url\":\"https:\\\/\\\/mab.org.br\\\/en\\\/\",\"name\":\"MAB - Movimento dos Atingidos por Barragens\",\"description\":\"The Movement of People Affected by Dams (MAB) is a popular Brazilian movement that emerged at the end of the 1970s with the aim of organizing those affected by the construction of dams to defend their rights.\",\"publisher\":{\"@id\":\"https:\\\/\\\/mab.org.br\\\/en\\\/#organization\"},\"alternateName\":\"MAB\",\"potentialAction\":[{\"@type\":\"SearchAction\",\"target\":{\"@type\":\"EntryPoint\",\"urlTemplate\":\"https:\\\/\\\/mab.org.br\\\/en\\\/?s={search_term_string}\"},\"query-input\":{\"@type\":\"PropertyValueSpecification\",\"valueRequired\":true,\"valueName\":\"search_term_string\"}}],\"inLanguage\":\"en-US\"},{\"@type\":\"Organization\",\"@id\":\"https:\\\/\\\/mab.org.br\\\/en\\\/#organization\",\"name\":\"Movimento dos Atingidos por Barragens\",\"alternateName\":\"MAB\",\"url\":\"https:\\\/\\\/mab.org.br\\\/en\\\/\",\"logo\":{\"@type\":\"ImageObject\",\"inLanguage\":\"en-US\",\"@id\":\"https:\\\/\\\/mab.org.br\\\/en\\\/#\\\/schema\\\/logo\\\/image\\\/\",\"url\":\"https:\\\/\\\/mab.org.br\\\/wp-content\\\/uploads\\\/2020\\\/06\\\/cropped-mabredonda.png\",\"contentUrl\":\"https:\\\/\\\/mab.org.br\\\/wp-content\\\/uploads\\\/2020\\\/06\\\/cropped-mabredonda.png\",\"width\":512,\"height\":512,\"caption\":\"Movimento dos Atingidos por Barragens\"},\"image\":{\"@id\":\"https:\\\/\\\/mab.org.br\\\/en\\\/#\\\/schema\\\/logo\\\/image\\\/\"}}]}<\/script>\n<!-- \/ Yoast SEO plugin. -->","yoast_head_json":{"title":"Timeline - MAB - Movimento dos Atingidos por Barragens","robots":{"index":"index","follow":"follow","max-snippet":"max-snippet:-1","max-image-preview":"max-image-preview:large","max-video-preview":"max-video-preview:-1"},"canonical":"https:\/\/mab.org.br\/en\/timeline-en\/","og_locale":"en_US","og_type":"article","og_title":"Timeline - MAB - Movimento dos Atingidos por Barragens","og_url":"https:\/\/mab.org.br\/en\/timeline-en\/","og_site_name":"MAB - Movimento dos Atingidos por Barragens","article_modified_time":"2024-01-29T18:19:39+00:00","og_image":[{"width":1200,"height":800,"url":"https:\/\/mab.org.br\/wp-content\/uploads\/2025\/12\/logo_rectangular.png","type":"image\/png"}],"twitter_card":"summary_large_image","schema":{"@context":"https:\/\/schema.org","@graph":[{"@type":"WebPage","@id":"https:\/\/mab.org.br\/en\/timeline-en\/","url":"https:\/\/mab.org.br\/en\/timeline-en\/","name":"Timeline - MAB - Movimento dos Atingidos por Barragens","isPartOf":{"@id":"https:\/\/mab.org.br\/en\/#website"},"datePublished":"2020-04-22T18:27:39+00:00","dateModified":"2024-01-29T18:19:39+00:00","breadcrumb":{"@id":"https:\/\/mab.org.br\/en\/timeline-en\/#breadcrumb"},"inLanguage":"en-US","potentialAction":[{"@type":"ReadAction","target":["https:\/\/mab.org.br\/en\/timeline-en\/"]}]},{"@type":"BreadcrumbList","@id":"https:\/\/mab.org.br\/en\/timeline-en\/#breadcrumb","itemListElement":[{"@type":"ListItem","position":1,"name":"In\u00edcio","item":"https:\/\/mab.org.br\/en\/"},{"@type":"ListItem","position":2,"name":"Timeline"}]},{"@type":"WebSite","@id":"https:\/\/mab.org.br\/en\/#website","url":"https:\/\/mab.org.br\/en\/","name":"MAB - Movimento dos Atingidos por Barragens","description":"The Movement of People Affected by Dams (MAB) is a popular Brazilian movement that emerged at the end of the 1970s with the aim of organizing those affected by the construction of dams to defend their rights.","publisher":{"@id":"https:\/\/mab.org.br\/en\/#organization"},"alternateName":"MAB","potentialAction":[{"@type":"SearchAction","target":{"@type":"EntryPoint","urlTemplate":"https:\/\/mab.org.br\/en\/?s={search_term_string}"},"query-input":{"@type":"PropertyValueSpecification","valueRequired":true,"valueName":"search_term_string"}}],"inLanguage":"en-US"},{"@type":"Organization","@id":"https:\/\/mab.org.br\/en\/#organization","name":"Movimento dos Atingidos por Barragens","alternateName":"MAB","url":"https:\/\/mab.org.br\/en\/","logo":{"@type":"ImageObject","inLanguage":"en-US","@id":"https:\/\/mab.org.br\/en\/#\/schema\/logo\/image\/","url":"https:\/\/mab.org.br\/wp-content\/uploads\/2020\/06\/cropped-mabredonda.png","contentUrl":"https:\/\/mab.org.br\/wp-content\/uploads\/2020\/06\/cropped-mabredonda.png","width":512,"height":512,"caption":"Movimento dos Atingidos por Barragens"},"image":{"@id":"https:\/\/mab.org.br\/en\/#\/schema\/logo\/image\/"}}]}},"_links":{"self":[{"href":"https:\/\/mab.org.br\/en\/wp-json\/wp\/v2\/pages\/47658","targetHints":{"allow":["GET"]}}],"collection":[{"href":"https:\/\/mab.org.br\/en\/wp-json\/wp\/v2\/pages"}],"about":[{"href":"https:\/\/mab.org.br\/en\/wp-json\/wp\/v2\/types\/page"}],"author":[{"embeddable":true,"href":"https:\/\/mab.org.br\/en\/wp-json\/wp\/v2\/users\/1"}],"replies":[{"embeddable":true,"href":"https:\/\/mab.org.br\/en\/wp-json\/wp\/v2\/comments?post=47658"}],"version-history":[{"count":1,"href":"https:\/\/mab.org.br\/en\/wp-json\/wp\/v2\/pages\/47658\/revisions"}],"predecessor-version":[{"id":47659,"href":"https:\/\/mab.org.br\/en\/wp-json\/wp\/v2\/pages\/47658\/revisions\/47659"}],"wp:attachment":[{"href":"https:\/\/mab.org.br\/en\/wp-json\/wp\/v2\/media?parent=47658"}],"curies":[{"name":"wp","href":"https:\/\/api.w.org\/{rel}","templated":true}]}}